{"id":556,"date":"2025-11-27T20:01:09","date_gmt":"2025-11-27T19:01:09","guid":{"rendered":"http:\/\/www.eveilceramique.fr\/?page_id=556"},"modified":"2026-03-13T11:18:59","modified_gmt":"2026-03-13T10:18:59","slug":"nos-exposants-2026","status":"publish","type":"page","link":"http:\/\/www.eveilceramique.fr\/index.php\/nos-exposants-2026\/","title":{"rendered":"LES EXPOSANTS"},"content":{"rendered":"\n<p class=\"has-large-font-size\" style=\"letter-spacing:2px\"><\/p>\n\n\n\n<p class=\"has-large-font-size\" id=\"block-85338da7-3ab1-49ae-b046-799e2af2bbe4\"><strong>S\u00e9lection 2026 \/\/<\/strong><br><br><strong>\u00c9veil C\u00e9ramique, march\u00e9 de potiers \u00e0 Corseul\u2028<\/strong><br><br><strong>13 &amp; 14 Juin 2026<\/strong><br><br><br><\/p>\n\n\n\n<p class=\"has-medium-font-size\" id=\"block-85338da7-3ab1-49ae-b046-799e2af2bbe4\">Cette ann\u00e9e encore la s\u00e9lection n\u2019a pas \u00e9t\u00e9 facile !<br>Nous avons \u00e9tudi\u00e9 chaque dossier avec le plus grand soin et nous remercions chaleureusement toutes les personnes qui ont postul\u00e9.<br><\/p>\n\n\n\n<div style=\"height:25px\" aria-hidden=\"true\" class=\"wp-block-spacer\"><\/div>\n\n\n\n<ul class=\"wp-block-list\">\n<li><span style=\"text-decoration: underline;\">Exposants :<\/span><br>\u2022 Am\u00e9lie Clermont \u2014\u00a0<a href=\"https:\/\/www.instagram.com\/atelierdescampette\/\">@atelierdescampette<\/a><br>\u2022 Lila Blot \u2014\u00a0<a href=\"https:\/\/www.instagram.com\/akeneceramique\/\">@akeneceramique<\/a><br>\u2022 Caroline Bonnin \u2014\u00a0<a href=\"https:\/\/www.instagram.com\/caolineceramique\/\">@caolineceramique<\/a><br>\u2022 Tanawel Bricheteau \u2014\u00a0<a href=\"https:\/\/www.instagram.com\/tanawel_porcelaine\/\">@tanawel_porcelaine<\/a><br>\u2022 Karine Chable \u2014\u00a0<a href=\"https:\/\/www.instagram.com\/kch_sculpture\/\">@kch_sculpture<\/a><br>\u2022 Sylvie Cheval \u2014\u00a0<a href=\"https:\/\/www.instagram.com\/sylvie.cvl\/\">@sylvie.cvl<\/a><br>\u2022 No\u00e9mie Clouet \u2014\u00a0<a href=\"https:\/\/www.instagram.com\/noemie.clouet.ceramique\/\">@noemie.clouet.ceramique<\/a><br>\u2022 Charlotte Cadeau \u2014\u00a0<a href=\"https:\/\/www.instagram.com\/kuenkoceramique\/\">@kuenkoceramique<\/a><br>\u2022 Mathilde Dumousseau \u2014\u00a0<a href=\"https:\/\/www.instagram.com\/mathildedumousseau\/\">@mathildedumousseau<\/a>\u2028<br>\u2022 Yannick Geffroy \u2014\u00a0<a href=\"https:\/\/www.instagram.com\/geffroyy\/\">@geffroyy<\/a>\u00a0\u2028<br>\u2022 C\u00e9cile Guillou \u2014\u00a0<a href=\"https:\/\/www.instagram.com\/guillou.ceramique\/\">@guillou.ceramique<\/a>\u00a0\u2028<br>\u2022 Philippe Gilbert \u2014\u00a0<a href=\"https:\/\/www.instagram.com\/latelierdeterre\/\">@latelierdeterre<\/a>\u2028<br>\u2022 Sol\u00e9e Gillet \u2014\u00a0<a href=\"https:\/\/www.instagram.com\/le_tourne_sol\/\">@le_tourne_sol<\/a>\u00a0\u2028<br>\u2022 Ga\u00eblle Haubtmann \u2014\u00a0<a href=\"https:\/\/www.instagram.com\/ghaubtmann\/\">@ghaubtmann<\/a>\u00a0\u2028<br>\u2022 Ma\u00ebva Laidet \u2014\u00a0<a href=\"https:\/\/www.instagram.com\/ateliersmae\/\">@ateliersmae<\/a>\u00a0\u2028<br>\u2022 Th\u00e9o Labrunie \u2014\u00a0<a href=\"https:\/\/www.instagram.com\/theo.labrunie.ceramique\/\">@theo.labrunie.ceramique<\/a>\u00a0\u2028<br>\u2022 Sandrine Masson Lem\u00e9e \u2014\u00a0<a href=\"https:\/\/www.instagram.com\/sandrinemassonlemee\/\">@sandrinemassonlemee<\/a>\u00a0\u2028<br>\u2022 Martinon Perrine \/ Atelier Kazapy \u2014 <a href=\"https:\/\/www.instagram.com\/k.a.z.a.p.y\/\">@k.a.z.a.p.y<\/a><br>\u2022 Sandra &amp; Corentin Vincent \u2014\u00a0<a href=\"https:\/\/www.instagram.com\/lapoteriedesandraandco\/\">@lapoteriedesandraandco<\/a>\u00a0\u2028<br>\u2022 Fr\u00e9d\u00e9ric Tallin \u2014\u00a0<a href=\"https:\/\/www.instagram.com\/atelierziam\/\">@atelierziam<\/a>\u00a0\u2028<br>\u2022 Violeta Stepanovic \u2014\u00a0<a href=\"https:\/\/www.instagram.com\/stepanovicvioleta\/\">@stepanovicvioleta<\/a>\u00a0\u2028<br>\u2022 Jennifer Romer \u2014\u00a0<a href=\"https:\/\/www.instagram.com\/jennifer.romer.ceramique\/\">@jennifer.romer.ceramique<\/a>\u00a0\u2028<br>\u2022 Marie-Andr\u00e9e Roberge \u2014\u00a0<a href=\"https:\/\/www.instagram.com\/maceramiste\/\">@maceramiste<\/a><\/li>\n<\/ul>\n\n\n\n<p class=\"has-large-font-size\" id=\"block-85338da7-3ab1-49ae-b046-799e2af2bbe4\"><br><\/p>\n\n\n\n<div class=\"wp-block-media-text is-stacked-on-mobile\" style=\"grid-template-columns:30% auto\"><figure class=\"wp-block-media-text__media\"><a href=\"https:\/\/akene-ceramique.fr\/h\"><img loading=\"lazy\" decoding=\"async\" width=\"540\" height=\"720\" src=\"http:\/\/www.eveilceramique.fr\/wp-content\/uploads\/2026\/03\/14.png\" alt=\"\" class=\"wp-image-601 size-full\" srcset=\"http:\/\/www.eveilceramique.fr\/wp-content\/uploads\/2026\/03\/14.png 540w, http:\/\/www.eveilceramique.fr\/wp-content\/uploads\/2026\/03\/14-225x300.png 225w, http:\/\/www.eveilceramique.fr\/wp-content\/uploads\/2026\/03\/14-113x150.png 113w\" sizes=\"auto, (max-width: 540px) 100vw, 540px\" \/><\/a><\/figure><div class=\"wp-block-media-text__content\">\n<p class=\"has-medium-font-size\" style=\"letter-spacing:5px\"><strong>Lila Blot \/ Ak\u00e8ne C\u00e9ramique<\/strong><br>Gr\u00e8s<br>56310 Bubry<\/p>\n<\/div><\/div>\n\n\n\n<p class=\"has-large-font-size\" id=\"block-85338da7-3ab1-49ae-b046-799e2af2bbe4\"><\/p>\n\n\n\n<div class=\"wp-block-media-text is-stacked-on-mobile\" style=\"grid-template-columns:30% auto\"><figure class=\"wp-block-media-text__media\"><a href=\"https:\/\/carolinebonnin.wixsite.com\/caolineceramiste\"><img loading=\"lazy\" decoding=\"async\" width=\"768\" height=\"1024\" src=\"http:\/\/www.eveilceramique.fr\/wp-content\/uploads\/2026\/03\/17-768x1024.png\" alt=\"\" class=\"wp-image-604 size-full\" srcset=\"http:\/\/www.eveilceramique.fr\/wp-content\/uploads\/2026\/03\/17-768x1024.png 768w, http:\/\/www.eveilceramique.fr\/wp-content\/uploads\/2026\/03\/17-225x300.png 225w, http:\/\/www.eveilceramique.fr\/wp-content\/uploads\/2026\/03\/17-113x150.png 113w, http:\/\/www.eveilceramique.fr\/wp-content\/uploads\/2026\/03\/17.png 1080w\" sizes=\"auto, (max-width: 768px) 100vw, 768px\" \/><\/a><\/figure><div class=\"wp-block-media-text__content\">\n<p class=\"has-medium-font-size\" style=\"letter-spacing:5px\"><strong>Caroline Bonnin \/ Caoline C\u00e9ramique<\/strong><br>Gr\u00e8s<br>56650 Inzinzac-Lochrist<\/p>\n<\/div><\/div>\n\n\n\n<p class=\"has-large-font-size\" id=\"block-85338da7-3ab1-49ae-b046-799e2af2bbe4\"><\/p>\n\n\n\n<div class=\"wp-block-media-text is-stacked-on-mobile\" style=\"grid-template-columns:30% auto\"><figure class=\"wp-block-media-text__media\"><a href=\"https:\/\/www.instagram.com\/tanawel_porcelaine\/\"><img loading=\"lazy\" decoding=\"async\" width=\"768\" height=\"1024\" src=\"http:\/\/www.eveilceramique.fr\/wp-content\/uploads\/2026\/03\/20-768x1024.png\" alt=\"\" class=\"wp-image-634 size-full\" srcset=\"http:\/\/www.eveilceramique.fr\/wp-content\/uploads\/2026\/03\/20-768x1024.png 768w, http:\/\/www.eveilceramique.fr\/wp-content\/uploads\/2026\/03\/20-225x300.png 225w, http:\/\/www.eveilceramique.fr\/wp-content\/uploads\/2026\/03\/20-113x150.png 113w, http:\/\/www.eveilceramique.fr\/wp-content\/uploads\/2026\/03\/20.png 1080w\" sizes=\"auto, (max-width: 768px) 100vw, 768px\" \/><\/a><\/figure><div class=\"wp-block-media-text__content\">\n<p class=\"has-medium-font-size\" style=\"letter-spacing:5px\"><strong>Tanawel Bricheteau<\/strong><br>Porcelaine<br>22100 Dinan<\/p>\n<\/div><\/div>\n\n\n\n<p class=\"has-large-font-size\" id=\"block-85338da7-3ab1-49ae-b046-799e2af2bbe4\"><\/p>\n\n\n\n<div class=\"wp-block-media-text is-stacked-on-mobile\" style=\"grid-template-columns:30% auto\"><figure class=\"wp-block-media-text__media\"><a href=\"https:\/\/www.charlottegomezceramique.com\/\"><img loading=\"lazy\" decoding=\"async\" width=\"768\" height=\"1024\" src=\"http:\/\/www.eveilceramique.fr\/wp-content\/uploads\/2026\/03\/23-768x1024.png\" alt=\"\" class=\"wp-image-606 size-full\" srcset=\"http:\/\/www.eveilceramique.fr\/wp-content\/uploads\/2026\/03\/23-768x1024.png 768w, http:\/\/www.eveilceramique.fr\/wp-content\/uploads\/2026\/03\/23-225x300.png 225w, http:\/\/www.eveilceramique.fr\/wp-content\/uploads\/2026\/03\/23-113x150.png 113w, http:\/\/www.eveilceramique.fr\/wp-content\/uploads\/2026\/03\/23.png 1080w\" sizes=\"auto, (max-width: 768px) 100vw, 768px\" \/><\/a><\/figure><div class=\"wp-block-media-text__content\">\n<p class=\"has-medium-font-size\" style=\"letter-spacing:5px\"><strong>Charlotte Gomez \/ Charlotte Cadeau<\/strong><br>Gr\u00e8s<br>49600 Montrevault-sur-Evre<\/p>\n<\/div><\/div>\n\n\n\n<p class=\"has-large-font-size\" id=\"block-85338da7-3ab1-49ae-b046-799e2af2bbe4\"><\/p>\n\n\n\n<div class=\"wp-block-media-text is-stacked-on-mobile\" style=\"grid-template-columns:30% auto\"><figure class=\"wp-block-media-text__media\"><a href=\"atelierdescampette@gmail.com\"><img loading=\"lazy\" decoding=\"async\" width=\"768\" height=\"1024\" src=\"http:\/\/www.eveilceramique.fr\/wp-content\/uploads\/2026\/03\/26-768x1024.png\" alt=\"\" class=\"wp-image-607 size-full\" srcset=\"http:\/\/www.eveilceramique.fr\/wp-content\/uploads\/2026\/03\/26-768x1024.png 768w, http:\/\/www.eveilceramique.fr\/wp-content\/uploads\/2026\/03\/26-225x300.png 225w, http:\/\/www.eveilceramique.fr\/wp-content\/uploads\/2026\/03\/26-113x150.png 113w, http:\/\/www.eveilceramique.fr\/wp-content\/uploads\/2026\/03\/26.png 1080w\" sizes=\"auto, (max-width: 768px) 100vw, 768px\" \/><\/a><\/figure><div class=\"wp-block-media-text__content\">\n<p class=\"has-medium-font-size\" style=\"letter-spacing:5px\"><strong>Am\u00e9lie Clermont<\/strong><br>Gr\u00e8s<br>56220 Rochefort-en-Terre<\/p>\n<\/div><\/div>\n\n\n\n<p><\/p>\n\n\n\n<div class=\"wp-block-media-text is-stacked-on-mobile\" style=\"grid-template-columns:30% auto\"><figure class=\"wp-block-media-text__media\"><a href=\"https:\/\/www.kchsculpture.fr\/\"><img loading=\"lazy\" decoding=\"async\" width=\"768\" height=\"1024\" src=\"http:\/\/www.eveilceramique.fr\/wp-content\/uploads\/2026\/03\/29-768x1024.png\" alt=\"\" class=\"wp-image-608 size-full\" srcset=\"http:\/\/www.eveilceramique.fr\/wp-content\/uploads\/2026\/03\/29-768x1024.png 768w, http:\/\/www.eveilceramique.fr\/wp-content\/uploads\/2026\/03\/29-225x300.png 225w, http:\/\/www.eveilceramique.fr\/wp-content\/uploads\/2026\/03\/29-113x150.png 113w, http:\/\/www.eveilceramique.fr\/wp-content\/uploads\/2026\/03\/29.png 1080w\" sizes=\"auto, (max-width: 768px) 100vw, 768px\" \/><\/a><\/figure><div class=\"wp-block-media-text__content\">\n<p class=\"has-medium-font-size\" style=\"letter-spacing:5px\"><strong>Karine Chable<\/strong><br>Gr\u00e8s<br>17138 Saint-Xandre<\/p>\n<\/div><\/div>\n\n\n\n<p><\/p>\n\n\n\n<div class=\"wp-block-media-text is-stacked-on-mobile\" style=\"grid-template-columns:30% auto\"><figure class=\"wp-block-media-text__media\"><a href=\"https:\/\/www.instagram.com\/sylvie.cvl\/?hl=fr\"><img loading=\"lazy\" decoding=\"async\" width=\"768\" height=\"1024\" src=\"http:\/\/www.eveilceramique.fr\/wp-content\/uploads\/2026\/03\/32-768x1024.png\" alt=\"\" class=\"wp-image-609 size-full\" srcset=\"http:\/\/www.eveilceramique.fr\/wp-content\/uploads\/2026\/03\/32-768x1024.png 768w, http:\/\/www.eveilceramique.fr\/wp-content\/uploads\/2026\/03\/32-225x300.png 225w, http:\/\/www.eveilceramique.fr\/wp-content\/uploads\/2026\/03\/32-113x150.png 113w, http:\/\/www.eveilceramique.fr\/wp-content\/uploads\/2026\/03\/32.png 1080w\" sizes=\"auto, (max-width: 768px) 100vw, 768px\" \/><\/a><\/figure><div class=\"wp-block-media-text__content\">\n<p class=\"has-medium-font-size\" style=\"letter-spacing:5px\"><strong>Sylvie Cheval<\/strong><br>Fa\u00efence \/ Terre Verniss\u00e9e<br><\/p>\n<\/div><\/div>\n\n\n\n<p><\/p>\n\n\n\n<div class=\"wp-block-media-text is-stacked-on-mobile\" style=\"grid-template-columns:30% auto\"><figure class=\"wp-block-media-text__media\"><a href=\"https:\/\/www.instagram.com\/noemie.clouet.ceramique\/\"><img loading=\"lazy\" decoding=\"async\" width=\"768\" height=\"1024\" src=\"http:\/\/www.eveilceramique.fr\/wp-content\/uploads\/2026\/03\/35-768x1024.png\" alt=\"\" class=\"wp-image-610 size-full\" srcset=\"http:\/\/www.eveilceramique.fr\/wp-content\/uploads\/2026\/03\/35-768x1024.png 768w, http:\/\/www.eveilceramique.fr\/wp-content\/uploads\/2026\/03\/35-225x300.png 225w, http:\/\/www.eveilceramique.fr\/wp-content\/uploads\/2026\/03\/35-113x150.png 113w, http:\/\/www.eveilceramique.fr\/wp-content\/uploads\/2026\/03\/35.png 1080w\" sizes=\"auto, (max-width: 768px) 100vw, 768px\" \/><\/a><\/figure><div class=\"wp-block-media-text__content\">\n<p class=\"has-medium-font-size\" style=\"letter-spacing:5px\"><strong>No\u00e9mie Clouet \/ No\u00e9mie C\u00e9ramique<\/strong><br>Gr\u00e8s<br>22390 Bourbriac<\/p>\n<\/div><\/div>\n\n\n\n<p><\/p>\n\n\n\n<div class=\"wp-block-media-text is-stacked-on-mobile\" style=\"grid-template-columns:30% auto\"><figure class=\"wp-block-media-text__media\"><a href=\"https:\/\/www.instagram.com\/mathildedumousseau\/\"><img loading=\"lazy\" decoding=\"async\" width=\"768\" height=\"1024\" src=\"http:\/\/www.eveilceramique.fr\/wp-content\/uploads\/2026\/03\/38-768x1024.png\" alt=\"\" class=\"wp-image-611 size-full\" srcset=\"http:\/\/www.eveilceramique.fr\/wp-content\/uploads\/2026\/03\/38-768x1024.png 768w, http:\/\/www.eveilceramique.fr\/wp-content\/uploads\/2026\/03\/38-225x300.png 225w, http:\/\/www.eveilceramique.fr\/wp-content\/uploads\/2026\/03\/38-113x150.png 113w, http:\/\/www.eveilceramique.fr\/wp-content\/uploads\/2026\/03\/38.png 1080w\" sizes=\"auto, (max-width: 768px) 100vw, 768px\" \/><\/a><\/figure><div class=\"wp-block-media-text__content\">\n<p class=\"has-medium-font-size\" style=\"letter-spacing:5px\"><strong>Mathilde Dumousseau<\/strong><br>Gr\u00e8s<br>35330 Comblessac<\/p>\n<\/div><\/div>\n\n\n\n<p><\/p>\n\n\n\n<div class=\"wp-block-media-text is-stacked-on-mobile\" style=\"grid-template-columns:30% auto\"><figure class=\"wp-block-media-text__media\"><a href=\"https:\/\/www.instagram.com\/geffroyy\/\"><img loading=\"lazy\" decoding=\"async\" width=\"768\" height=\"1024\" src=\"http:\/\/www.eveilceramique.fr\/wp-content\/uploads\/2026\/03\/41-768x1024.png\" alt=\"\" class=\"wp-image-612 size-full\" srcset=\"http:\/\/www.eveilceramique.fr\/wp-content\/uploads\/2026\/03\/41-768x1024.png 768w, http:\/\/www.eveilceramique.fr\/wp-content\/uploads\/2026\/03\/41-225x300.png 225w, http:\/\/www.eveilceramique.fr\/wp-content\/uploads\/2026\/03\/41-113x150.png 113w, http:\/\/www.eveilceramique.fr\/wp-content\/uploads\/2026\/03\/41.png 1080w\" sizes=\"auto, (max-width: 768px) 100vw, 768px\" \/><\/a><\/figure><div class=\"wp-block-media-text__content\">\n<p class=\"has-medium-font-size\" style=\"letter-spacing:5px\"><strong>Yannick Geffroy<\/strong><br>Gr\u00e8s<br>56350 Saint-Jean-la-Poterie<\/p>\n<\/div><\/div>\n\n\n\n<p><\/p>\n\n\n\n<div class=\"wp-block-media-text is-stacked-on-mobile\" style=\"grid-template-columns:30% auto\"><figure class=\"wp-block-media-text__media\"><a href=\"http:\/\/latelierdeterre.fr\"><img loading=\"lazy\" decoding=\"async\" width=\"768\" height=\"1024\" src=\"http:\/\/www.eveilceramique.fr\/wp-content\/uploads\/2026\/03\/44-768x1024.png\" alt=\"\" class=\"wp-image-613 size-full\" srcset=\"http:\/\/www.eveilceramique.fr\/wp-content\/uploads\/2026\/03\/44-768x1024.png 768w, http:\/\/www.eveilceramique.fr\/wp-content\/uploads\/2026\/03\/44-225x300.png 225w, http:\/\/www.eveilceramique.fr\/wp-content\/uploads\/2026\/03\/44-113x150.png 113w, http:\/\/www.eveilceramique.fr\/wp-content\/uploads\/2026\/03\/44.png 1080w\" sizes=\"auto, (max-width: 768px) 100vw, 768px\" \/><\/a><\/figure><div class=\"wp-block-media-text__content\">\n<p class=\"has-medium-font-size\" style=\"letter-spacing:5px\"><strong>Philippe Gilbert \/ L&rsquo;atelier de terre<\/strong><br>Gr\u00e8s<br>56860 S\u00e9n\u00e9<\/p>\n<\/div><\/div>\n\n\n\n<p><\/p>\n\n\n\n<div class=\"wp-block-media-text is-stacked-on-mobile\" style=\"grid-template-columns:30% auto\"><figure class=\"wp-block-media-text__media\"><a href=\"https:\/\/poterie-letournesol.fr\"><img loading=\"lazy\" decoding=\"async\" width=\"768\" height=\"1024\" src=\"http:\/\/www.eveilceramique.fr\/wp-content\/uploads\/2026\/03\/47-768x1024.png\" alt=\"\" class=\"wp-image-614 size-full\" srcset=\"http:\/\/www.eveilceramique.fr\/wp-content\/uploads\/2026\/03\/47-768x1024.png 768w, http:\/\/www.eveilceramique.fr\/wp-content\/uploads\/2026\/03\/47-225x300.png 225w, http:\/\/www.eveilceramique.fr\/wp-content\/uploads\/2026\/03\/47-113x150.png 113w, http:\/\/www.eveilceramique.fr\/wp-content\/uploads\/2026\/03\/47.png 1080w\" sizes=\"auto, (max-width: 768px) 100vw, 768px\" \/><\/a><\/figure><div class=\"wp-block-media-text__content\">\n<p class=\"has-medium-font-size\" style=\"letter-spacing:5px\"><strong>Sol\u00e9e Gillet<\/strong><br>Gr\u00e8s<br>22480 Peumerit-Quintin<br><\/p>\n<\/div><\/div>\n\n\n\n<p><\/p>\n\n\n\n<div class=\"wp-block-media-text is-stacked-on-mobile\" style=\"grid-template-columns:30% auto\"><figure class=\"wp-block-media-text__media\"><a href=\"https:\/\/www.instagram.com\/guillou.ceramique\/\"><img loading=\"lazy\" decoding=\"async\" width=\"768\" height=\"1024\" src=\"http:\/\/www.eveilceramique.fr\/wp-content\/uploads\/2026\/03\/50-768x1024.png\" alt=\"\" class=\"wp-image-615 size-full\" srcset=\"http:\/\/www.eveilceramique.fr\/wp-content\/uploads\/2026\/03\/50-768x1024.png 768w, http:\/\/www.eveilceramique.fr\/wp-content\/uploads\/2026\/03\/50-225x300.png 225w, http:\/\/www.eveilceramique.fr\/wp-content\/uploads\/2026\/03\/50-113x150.png 113w, http:\/\/www.eveilceramique.fr\/wp-content\/uploads\/2026\/03\/50.png 1080w\" sizes=\"auto, (max-width: 768px) 100vw, 768px\" \/><\/a><\/figure><div class=\"wp-block-media-text__content\">\n<p class=\"has-medium-font-size\" style=\"letter-spacing:5px\"><strong>C\u00e9cile Guillou \/ Guillou C\u00e9ramique<\/strong><br>Gr\u00e8s<br>22300 Ploubezre<\/p>\n<\/div><\/div>\n\n\n\n<p><\/p>\n\n\n\n<div class=\"wp-block-media-text is-stacked-on-mobile\" style=\"grid-template-columns:30% auto\"><figure class=\"wp-block-media-text__media\"><a href=\"https:\/\/www.gaellehaubtmann.org\/\"><img loading=\"lazy\" decoding=\"async\" width=\"768\" height=\"1024\" src=\"http:\/\/www.eveilceramique.fr\/wp-content\/uploads\/2026\/03\/53-768x1024.png\" alt=\"\" class=\"wp-image-616 size-full\" srcset=\"http:\/\/www.eveilceramique.fr\/wp-content\/uploads\/2026\/03\/53-768x1024.png 768w, http:\/\/www.eveilceramique.fr\/wp-content\/uploads\/2026\/03\/53-225x300.png 225w, http:\/\/www.eveilceramique.fr\/wp-content\/uploads\/2026\/03\/53-113x150.png 113w, http:\/\/www.eveilceramique.fr\/wp-content\/uploads\/2026\/03\/53.png 1080w\" sizes=\"auto, (max-width: 768px) 100vw, 768px\" \/><\/a><\/figure><div class=\"wp-block-media-text__content\">\n<p class=\"has-medium-font-size\" style=\"letter-spacing:5px\"><strong>Ga\u00eblle Haubtmann<\/strong><br>Gr\u00e8s<br>35580 Guignen<\/p>\n<\/div><\/div>\n\n\n\n<p><\/p>\n\n\n\n<div class=\"wp-block-media-text is-stacked-on-mobile\" style=\"grid-template-columns:30% auto\"><figure class=\"wp-block-media-text__media\"><a href=\"https:\/\/www.instagram.com\/theo.labrunie.ceramique\/\"><img loading=\"lazy\" decoding=\"async\" width=\"768\" height=\"1024\" src=\"http:\/\/www.eveilceramique.fr\/wp-content\/uploads\/2026\/03\/Eveil-Insta-34z-768x1024.png\" alt=\"\" class=\"wp-image-641 size-full\" srcset=\"http:\/\/www.eveilceramique.fr\/wp-content\/uploads\/2026\/03\/Eveil-Insta-34z-768x1024.png 768w, http:\/\/www.eveilceramique.fr\/wp-content\/uploads\/2026\/03\/Eveil-Insta-34z-225x300.png 225w, http:\/\/www.eveilceramique.fr\/wp-content\/uploads\/2026\/03\/Eveil-Insta-34z-113x150.png 113w, http:\/\/www.eveilceramique.fr\/wp-content\/uploads\/2026\/03\/Eveil-Insta-34z.png 1080w\" sizes=\"auto, (max-width: 768px) 100vw, 768px\" \/><\/a><\/figure><div class=\"wp-block-media-text__content\">\n<p class=\"has-medium-font-size\" style=\"letter-spacing:5px\"><strong>Th\u00e9o Labrunie<\/strong><br>Gr\u00e8s<br>22490 Tr\u00e9m\u00e9reuc<\/p>\n<\/div><\/div>\n\n\n\n<p><\/p>\n\n\n\n<div class=\"wp-block-media-text is-stacked-on-mobile\" style=\"grid-template-columns:30% auto\"><figure class=\"wp-block-media-text__media\"><a href=\"https:\/\/ateliersmae.com\/\"><img loading=\"lazy\" decoding=\"async\" width=\"768\" height=\"1024\" src=\"http:\/\/www.eveilceramique.fr\/wp-content\/uploads\/2026\/03\/59-768x1024.png\" alt=\"\" class=\"wp-image-617 size-full\" srcset=\"http:\/\/www.eveilceramique.fr\/wp-content\/uploads\/2026\/03\/59-768x1024.png 768w, http:\/\/www.eveilceramique.fr\/wp-content\/uploads\/2026\/03\/59-225x300.png 225w, http:\/\/www.eveilceramique.fr\/wp-content\/uploads\/2026\/03\/59-113x150.png 113w, http:\/\/www.eveilceramique.fr\/wp-content\/uploads\/2026\/03\/59.png 1080w\" sizes=\"auto, (max-width: 768px) 100vw, 768px\" \/><\/a><\/figure><div class=\"wp-block-media-text__content\">\n<p class=\"has-medium-font-size\" style=\"letter-spacing:5px\"><strong>Maeva Laidet \/ Ateliers Ma\u00e9<\/strong><br>Gr\u00e8s<br>51200 Epernay<\/p>\n<\/div><\/div>\n\n\n\n<p><\/p>\n\n\n\n<div class=\"wp-block-media-text is-stacked-on-mobile\" style=\"grid-template-columns:30% auto\"><figure class=\"wp-block-media-text__media\"><a href=\"https:\/\/sandrinemassonlemee.fr\/\"><img loading=\"lazy\" decoding=\"async\" width=\"768\" height=\"1024\" src=\"http:\/\/www.eveilceramique.fr\/wp-content\/uploads\/2026\/03\/62-768x1024.png\" alt=\"\" class=\"wp-image-618 size-full\" srcset=\"http:\/\/www.eveilceramique.fr\/wp-content\/uploads\/2026\/03\/62-768x1024.png 768w, http:\/\/www.eveilceramique.fr\/wp-content\/uploads\/2026\/03\/62-225x300.png 225w, http:\/\/www.eveilceramique.fr\/wp-content\/uploads\/2026\/03\/62-113x150.png 113w, http:\/\/www.eveilceramique.fr\/wp-content\/uploads\/2026\/03\/62.png 1080w\" sizes=\"auto, (max-width: 768px) 100vw, 768px\" \/><\/a><\/figure><div class=\"wp-block-media-text__content\">\n<p class=\"has-medium-font-size\" style=\"letter-spacing:5px\"><br><strong>Sandrine Masson Lem\u00e9e<\/strong><br>Gr\u00e8s \/ Porcelaine \/ Raku<br>56550 Locoal Mendon<\/p>\n<\/div><\/div>\n\n\n\n<p><\/p>\n\n\n\n<div class=\"wp-block-media-text is-stacked-on-mobile\" style=\"grid-template-columns:30% auto\"><figure class=\"wp-block-media-text__media\"><a href=\"http:\/\/www.linktr.ee\/kazapy\"><img loading=\"lazy\" decoding=\"async\" width=\"768\" height=\"1024\" src=\"http:\/\/www.eveilceramique.fr\/wp-content\/uploads\/2026\/03\/Eveil-Insta-34-768x1024.png\" alt=\"\" class=\"wp-image-640 size-full\" srcset=\"http:\/\/www.eveilceramique.fr\/wp-content\/uploads\/2026\/03\/Eveil-Insta-34-768x1024.png 768w, http:\/\/www.eveilceramique.fr\/wp-content\/uploads\/2026\/03\/Eveil-Insta-34-225x300.png 225w, http:\/\/www.eveilceramique.fr\/wp-content\/uploads\/2026\/03\/Eveil-Insta-34-113x150.png 113w, http:\/\/www.eveilceramique.fr\/wp-content\/uploads\/2026\/03\/Eveil-Insta-34.png 1080w\" sizes=\"auto, (max-width: 768px) 100vw, 768px\" \/><\/a><\/figure><div class=\"wp-block-media-text__content\">\n<p class=\"has-medium-font-size\" style=\"letter-spacing:5px\"><strong>Perrine Martinon \/ Atelier Kazapy<\/strong><br>Gr\u00e8s<br>35420 Le Ferr\u00e9<\/p>\n<\/div><\/div>\n\n\n\n<p><\/p>\n\n\n\n<div class=\"wp-block-media-text is-stacked-on-mobile\" style=\"grid-template-columns:30% auto\"><figure class=\"wp-block-media-text__media\"><a href=\"https:\/\/www.maceramiste.com\/\"><img loading=\"lazy\" decoding=\"async\" width=\"768\" height=\"1024\" src=\"http:\/\/www.eveilceramique.fr\/wp-content\/uploads\/2026\/03\/68-768x1024.png\" alt=\"\" class=\"wp-image-619 size-full\" srcset=\"http:\/\/www.eveilceramique.fr\/wp-content\/uploads\/2026\/03\/68-768x1024.png 768w, http:\/\/www.eveilceramique.fr\/wp-content\/uploads\/2026\/03\/68-225x300.png 225w, http:\/\/www.eveilceramique.fr\/wp-content\/uploads\/2026\/03\/68-113x150.png 113w, http:\/\/www.eveilceramique.fr\/wp-content\/uploads\/2026\/03\/68.png 1080w\" sizes=\"auto, (max-width: 768px) 100vw, 768px\" \/><\/a><\/figure><div class=\"wp-block-media-text__content\">\n<p class=\"has-medium-font-size\" style=\"letter-spacing:5px\"><strong>Marie-Andr\u00e9e Roberge<\/strong><br>Porcelaine<br>56400 Auray<\/p>\n<\/div><\/div>\n\n\n\n<p><\/p>\n\n\n\n<div class=\"wp-block-media-text is-stacked-on-mobile\" style=\"grid-template-columns:30% auto\"><figure class=\"wp-block-media-text__media\"><a href=\"https:\/\/jenniferromer.fr\/\"><img loading=\"lazy\" decoding=\"async\" width=\"768\" height=\"1024\" src=\"http:\/\/www.eveilceramique.fr\/wp-content\/uploads\/2026\/03\/71-768x1024.png\" alt=\"\" class=\"wp-image-620 size-full\" srcset=\"http:\/\/www.eveilceramique.fr\/wp-content\/uploads\/2026\/03\/71-768x1024.png 768w, http:\/\/www.eveilceramique.fr\/wp-content\/uploads\/2026\/03\/71-225x300.png 225w, http:\/\/www.eveilceramique.fr\/wp-content\/uploads\/2026\/03\/71-113x150.png 113w, http:\/\/www.eveilceramique.fr\/wp-content\/uploads\/2026\/03\/71.png 1080w\" sizes=\"auto, (max-width: 768px) 100vw, 768px\" \/><\/a><\/figure><div class=\"wp-block-media-text__content\">\n<p class=\"has-medium-font-size\" style=\"letter-spacing:5px\"><strong>Jennifer Romer<\/strong><br>Gr\u00e8s<br>22130 Bourseul<\/p>\n<\/div><\/div>\n\n\n\n<p><\/p>\n\n\n\n<div class=\"wp-block-media-text is-stacked-on-mobile\" style=\"grid-template-columns:30% auto\"><figure class=\"wp-block-media-text__media\"><a href=\"https:\/\/ptitboutdeterre.fr\/\"><img loading=\"lazy\" decoding=\"async\" width=\"768\" height=\"1024\" src=\"http:\/\/www.eveilceramique.fr\/wp-content\/uploads\/2026\/03\/74-768x1024.png\" alt=\"\" class=\"wp-image-621 size-full\" srcset=\"http:\/\/www.eveilceramique.fr\/wp-content\/uploads\/2026\/03\/74-768x1024.png 768w, http:\/\/www.eveilceramique.fr\/wp-content\/uploads\/2026\/03\/74-225x300.png 225w, http:\/\/www.eveilceramique.fr\/wp-content\/uploads\/2026\/03\/74-113x150.png 113w, http:\/\/www.eveilceramique.fr\/wp-content\/uploads\/2026\/03\/74.png 1080w\" sizes=\"auto, (max-width: 768px) 100vw, 768px\" \/><\/a><\/figure><div class=\"wp-block-media-text__content\">\n<p class=\"has-medium-font-size\" style=\"letter-spacing:5px\"><strong>Violeta Stepanovic<\/strong> <strong>\/ Atelier p&rsquo;tit bout de terre<\/strong><br>Raku<br>56430 Concoret<\/p>\n<\/div><\/div>\n\n\n\n<p id=\"block-85338da7-3ab1-49ae-b046-799e2af2bbe4\"><\/p>\n\n\n\n<div class=\"wp-block-media-text is-stacked-on-mobile\" style=\"grid-template-columns:30% auto\"><figure class=\"wp-block-media-text__media\"><a href=\"https:\/\/atelierziam.com\/\"><img loading=\"lazy\" decoding=\"async\" width=\"768\" height=\"1024\" src=\"http:\/\/www.eveilceramique.fr\/wp-content\/uploads\/2026\/03\/77-768x1024.png\" alt=\"\" class=\"wp-image-622 size-full\" srcset=\"http:\/\/www.eveilceramique.fr\/wp-content\/uploads\/2026\/03\/77-768x1024.png 768w, http:\/\/www.eveilceramique.fr\/wp-content\/uploads\/2026\/03\/77-225x300.png 225w, http:\/\/www.eveilceramique.fr\/wp-content\/uploads\/2026\/03\/77-113x150.png 113w, http:\/\/www.eveilceramique.fr\/wp-content\/uploads\/2026\/03\/77.png 1080w\" sizes=\"auto, (max-width: 768px) 100vw, 768px\" \/><\/a><\/figure><div class=\"wp-block-media-text__content\">\n<p class=\"has-medium-font-size\" style=\"letter-spacing:5px\"><strong>Fr\u00e9d\u00e9ric Tallin<\/strong><br>Gr\u00e8s<br>22370 Pl\u00e9neuf-Val-Andr\u00e9<\/p>\n<\/div><\/div>\n\n\n\n<p><\/p>\n\n\n\n<div class=\"wp-block-media-text is-stacked-on-mobile\" style=\"grid-template-columns:30% auto\"><figure class=\"wp-block-media-text__media\"><a href=\"https:\/\/lapoteriedesandra.fr\/?srsltid=AfmBOopR-XA3faGoa58Qdds78b8xB5oWGcDAz12S2U_Mk1VK-z72yyr7\"><img loading=\"lazy\" decoding=\"async\" width=\"819\" height=\"1024\" src=\"http:\/\/www.eveilceramique.fr\/wp-content\/uploads\/2025\/05\/80-819x1024.png\" alt=\"\" class=\"wp-image-495 size-full\" srcset=\"http:\/\/www.eveilceramique.fr\/wp-content\/uploads\/2025\/05\/80-819x1024.png 819w, http:\/\/www.eveilceramique.fr\/wp-content\/uploads\/2025\/05\/80-240x300.png 240w, http:\/\/www.eveilceramique.fr\/wp-content\/uploads\/2025\/05\/80-120x150.png 120w, http:\/\/www.eveilceramique.fr\/wp-content\/uploads\/2025\/05\/80-768x960.png 768w, http:\/\/www.eveilceramique.fr\/wp-content\/uploads\/2025\/05\/80.png 1080w\" sizes=\"auto, (max-width: 819px) 100vw, 819px\" \/><\/a><\/figure><div class=\"wp-block-media-text__content\">\n<p class=\"has-medium-font-size\" style=\"letter-spacing:5px\"><strong>Sandra &amp; Corentin Vincent \/ La Poterie de Sandra &amp; Co<\/strong><br>Gr\u00e8s<br>22130 Corseul<\/p>\n<\/div><\/div>\n\n\n\n<p><\/p>\n","protected":false},"excerpt":{"rendered":"<p>S\u00e9lection 2026 \/\/ \u00c9veil C\u00e9ramique, march\u00e9 de potiers \u00e0 Corseul\u2028 13 &amp; 14 Juin 2026 Cette ann\u00e9e encore la s\u00e9lection n\u2019a pas \u00e9t\u00e9 facile !Nous avons \u00e9tudi\u00e9 chaque dossier avec le plus grand soin et nous remercions chaleureusement toutes les personnes qui ont postul\u00e9. Lila Blot \/ Ak\u00e8ne C\u00e9ramiqueGr\u00e8s56310 Bubry Caroline Bonnin \/ Caoline C\u00e9ramiqueGr\u00e8s56650 Inzinzac-Lochrist Tanawel BricheteauPorcelaine22100 Dinan Charlotte Gomez \/ Charlotte CadeauGr\u00e8s49600 Montrevault-sur-Evre Am\u00e9lie ClermontGr\u00e8s56220 Rochefort-en-Terre Karine ChableGr\u00e8s17138 Saint-Xandre Sylvie ChevalFa\u00efence \/ Terre Verniss\u00e9e No\u00e9mie Clouet \/ No\u00e9mie C\u00e9ramiqueGr\u00e8s22390 Bourbriac Mathilde DumousseauGr\u00e8s35330 Comblessac Yannick GeffroyGr\u00e8s56350 Saint-Jean-la-Poterie Philippe Gilbert \/ L&rsquo;atelier de terreGr\u00e8s56860 S\u00e9n\u00e9 Sol\u00e9e GilletGr\u00e8s22480 Peumerit-Quintin C\u00e9cile Guillou \/ Guillou C\u00e9ramiqueGr\u00e8s22300 Ploubezre Ga\u00eblle HaubtmannGr\u00e8s35580 Guignen Th\u00e9o LabrunieGr\u00e8s22490 Tr\u00e9m\u00e9reuc Maeva Laidet \/ Ateliers Ma\u00e9Gr\u00e8s51200 Epernay Sandrine Masson Lem\u00e9eGr\u00e8s \/ Porcelaine \/ Raku56550 Locoal Mendon Perrine Martinon \/ Atelier KazapyGr\u00e8s35420 Le Ferr\u00e9 Marie-Andr\u00e9e RobergePorcelaine56400 Auray Jennifer RomerGr\u00e8s22130 Bourseul Violeta Stepanovic \/ Atelier p&rsquo;tit bout de terreRaku56430 Concoret Fr\u00e9d\u00e9ric TallinGr\u00e8s22370 Pl\u00e9neuf-Val-Andr\u00e9 Sandra &amp; Corentin Vincent \/ La Poterie de Sandra &amp; CoGr\u00e8s22130 Corseul<\/p>\n","protected":false},"author":3,"featured_media":0,"parent":0,"menu_order":0,"comment_status":"closed","ping_status":"closed","template":"","meta":{"footnotes":""},"class_list":["post-556","page","type-page","status-publish","hentry"],"_links":{"self":[{"href":"http:\/\/www.eveilceramique.fr\/index.php\/wp-json\/wp\/v2\/pages\/556","targetHints":{"allow":["GET"]}}],"collection":[{"href":"http:\/\/www.eveilceramique.fr\/index.php\/wp-json\/wp\/v2\/pages"}],"about":[{"href":"http:\/\/www.eveilceramique.fr\/index.php\/wp-json\/wp\/v2\/types\/page"}],"author":[{"embeddable":true,"href":"http:\/\/www.eveilceramique.fr\/index.php\/wp-json\/wp\/v2\/users\/3"}],"replies":[{"embeddable":true,"href":"http:\/\/www.eveilceramique.fr\/index.php\/wp-json\/wp\/v2\/comments?post=556"}],"version-history":[{"count":37,"href":"http:\/\/www.eveilceramique.fr\/index.php\/wp-json\/wp\/v2\/pages\/556\/revisions"}],"predecessor-version":[{"id":645,"href":"http:\/\/www.eveilceramique.fr\/index.php\/wp-json\/wp\/v2\/pages\/556\/revisions\/645"}],"wp:attachment":[{"href":"http:\/\/www.eveilceramique.fr\/index.php\/wp-json\/wp\/v2\/media?parent=556"}],"curies":[{"name":"wp","href":"https:\/\/api.w.org\/{rel}","templated":true}]}}