{"id":350,"date":"2024-12-05T16:03:57","date_gmt":"2024-12-05T15:03:57","guid":{"rendered":"http:\/\/www.eveilceramique.fr\/?page_id=350"},"modified":"2025-12-16T20:31:48","modified_gmt":"2025-12-16T19:31:48","slug":"nos-exposants-2025","status":"publish","type":"page","link":"http:\/\/www.eveilceramique.fr\/index.php\/historique\/nos-exposants-2025\/","title":{"rendered":"2025 &#8211; EXPOSANTS"},"content":{"rendered":"\n<p class=\"has-large-font-size\" style=\"font-style:normal;font-weight:300;letter-spacing:2px\"><strong>S\u00e9lection 2025 \/\/ \u2028<\/strong><br><br><strong>\u00c9veil C\u00e9ramique, march\u00e9 de potiers \u00e0 Corseul\u2028<\/strong><br><br><strong>14 &amp; 15 Juin 2025<\/strong><br><br><\/p>\n\n\n\n<p><br><\/p>\n\n\n\n<div class=\"wp-block-media-text is-stacked-on-mobile\" style=\"grid-template-columns:35% auto\"><figure class=\"wp-block-media-text__media\"><img loading=\"lazy\" decoding=\"async\" width=\"819\" height=\"1024\" src=\"http:\/\/www.eveilceramique.fr\/wp-content\/uploads\/2025\/05\/56-819x1024.png\" alt=\"\" class=\"wp-image-454 size-full\" srcset=\"http:\/\/www.eveilceramique.fr\/wp-content\/uploads\/2025\/05\/56-819x1024.png 819w, http:\/\/www.eveilceramique.fr\/wp-content\/uploads\/2025\/05\/56-240x300.png 240w, http:\/\/www.eveilceramique.fr\/wp-content\/uploads\/2025\/05\/56-120x150.png 120w, http:\/\/www.eveilceramique.fr\/wp-content\/uploads\/2025\/05\/56-768x960.png 768w, http:\/\/www.eveilceramique.fr\/wp-content\/uploads\/2025\/05\/56.png 1080w\" sizes=\"auto, (max-width: 819px) 100vw, 819px\" \/><\/figure><div class=\"wp-block-media-text__content\">\n<p class=\"has-medium-font-size\" style=\"letter-spacing:5px\"><strong>Sophie Albert<\/strong><br>Gr\u00e8s<br>53600 Evron<\/p>\n<\/div><\/div>\n\n\n\n<div class=\"wp-block-media-text is-stacked-on-mobile\" style=\"grid-template-columns:35% auto\"><figure class=\"wp-block-media-text__media\"><img loading=\"lazy\" decoding=\"async\" width=\"819\" height=\"1024\" src=\"http:\/\/www.eveilceramique.fr\/wp-content\/uploads\/2025\/05\/35-819x1024.png\" alt=\"\" class=\"wp-image-446 size-full\" srcset=\"http:\/\/www.eveilceramique.fr\/wp-content\/uploads\/2025\/05\/35-819x1024.png 819w, http:\/\/www.eveilceramique.fr\/wp-content\/uploads\/2025\/05\/35-240x300.png 240w, http:\/\/www.eveilceramique.fr\/wp-content\/uploads\/2025\/05\/35-120x150.png 120w, http:\/\/www.eveilceramique.fr\/wp-content\/uploads\/2025\/05\/35-768x960.png 768w, http:\/\/www.eveilceramique.fr\/wp-content\/uploads\/2025\/05\/35.png 1080w\" sizes=\"auto, (max-width: 819px) 100vw, 819px\" \/><\/figure><div class=\"wp-block-media-text__content\">\n<p class=\"has-medium-font-size\" style=\"letter-spacing:5px\"><strong>B\u00e9rang\u00e8re Noyau<\/strong><br>Porcelaine<br>77920 Samois<\/p>\n<\/div><\/div>\n\n\n\n<div class=\"wp-block-media-text is-stacked-on-mobile\" style=\"grid-template-columns:35% auto\"><figure class=\"wp-block-media-text__media\"><img loading=\"lazy\" decoding=\"async\" width=\"819\" height=\"1024\" src=\"http:\/\/www.eveilceramique.fr\/wp-content\/uploads\/2025\/05\/8-1-819x1024.png\" alt=\"\" class=\"wp-image-435 size-full\" srcset=\"http:\/\/www.eveilceramique.fr\/wp-content\/uploads\/2025\/05\/8-1-819x1024.png 819w, http:\/\/www.eveilceramique.fr\/wp-content\/uploads\/2025\/05\/8-1-240x300.png 240w, http:\/\/www.eveilceramique.fr\/wp-content\/uploads\/2025\/05\/8-1-120x150.png 120w, http:\/\/www.eveilceramique.fr\/wp-content\/uploads\/2025\/05\/8-1-768x960.png 768w, http:\/\/www.eveilceramique.fr\/wp-content\/uploads\/2025\/05\/8-1.png 1080w\" sizes=\"auto, (max-width: 819px) 100vw, 819px\" \/><\/figure><div class=\"wp-block-media-text__content\">\n<p class=\"has-medium-font-size\" style=\"letter-spacing:5px\"><strong>Am\u00e9lie Clermont<\/strong><br>Gr\u00e8s<br>56220 Rochefort-en-Terre<\/p>\n<\/div><\/div>\n\n\n\n<div class=\"wp-block-media-text is-stacked-on-mobile\" style=\"grid-template-columns:35% auto\"><figure class=\"wp-block-media-text__media\"><a href=\"https:\/\/www.mo-ceramique.com\"><img loading=\"lazy\" decoding=\"async\" width=\"819\" height=\"1024\" src=\"http:\/\/www.eveilceramique.fr\/wp-content\/uploads\/2025\/05\/23-819x1024.png\" alt=\"\" class=\"wp-image-456 size-full\" srcset=\"http:\/\/www.eveilceramique.fr\/wp-content\/uploads\/2025\/05\/23-819x1024.png 819w, http:\/\/www.eveilceramique.fr\/wp-content\/uploads\/2025\/05\/23-240x300.png 240w, http:\/\/www.eveilceramique.fr\/wp-content\/uploads\/2025\/05\/23-120x150.png 120w, http:\/\/www.eveilceramique.fr\/wp-content\/uploads\/2025\/05\/23-768x960.png 768w, http:\/\/www.eveilceramique.fr\/wp-content\/uploads\/2025\/05\/23.png 1080w\" sizes=\"auto, (max-width: 819px) 100vw, 819px\" \/><\/a><\/figure><div class=\"wp-block-media-text__content\">\n<p class=\"has-medium-font-size\" style=\"letter-spacing:5px\"><strong>Maud Spisser<\/strong><br>Porcelaine<br>22490 Tr\u00e9m\u00e9reuc<br><\/p>\n<\/div><\/div>\n\n\n\n<div class=\"wp-block-media-text is-stacked-on-mobile\" style=\"grid-template-columns:35% auto\"><figure class=\"wp-block-media-text__media\"><img loading=\"lazy\" decoding=\"async\" width=\"819\" height=\"1024\" src=\"http:\/\/www.eveilceramique.fr\/wp-content\/uploads\/2025\/05\/50-819x1024.png\" alt=\"\" class=\"wp-image-440 size-full\" srcset=\"http:\/\/www.eveilceramique.fr\/wp-content\/uploads\/2025\/05\/50-819x1024.png 819w, http:\/\/www.eveilceramique.fr\/wp-content\/uploads\/2025\/05\/50-240x300.png 240w, http:\/\/www.eveilceramique.fr\/wp-content\/uploads\/2025\/05\/50-120x150.png 120w, http:\/\/www.eveilceramique.fr\/wp-content\/uploads\/2025\/05\/50-768x960.png 768w, http:\/\/www.eveilceramique.fr\/wp-content\/uploads\/2025\/05\/50.png 1080w\" sizes=\"auto, (max-width: 819px) 100vw, 819px\" \/><\/figure><div class=\"wp-block-media-text__content\">\n<p class=\"has-medium-font-size\" style=\"letter-spacing:5px\"><strong>Julie Viudes<\/strong><br>Porcelaine \/ Gr\u00e8s<br>44100 Nantes<\/p>\n<\/div><\/div>\n\n\n\n<div class=\"wp-block-media-text is-stacked-on-mobile\" style=\"grid-template-columns:35% auto\"><figure class=\"wp-block-media-text__media\"><img loading=\"lazy\" decoding=\"async\" width=\"819\" height=\"1024\" src=\"http:\/\/www.eveilceramique.fr\/wp-content\/uploads\/2025\/05\/33-819x1024.png\" alt=\"\" class=\"wp-image-447 size-full\" srcset=\"http:\/\/www.eveilceramique.fr\/wp-content\/uploads\/2025\/05\/33-819x1024.png 819w, http:\/\/www.eveilceramique.fr\/wp-content\/uploads\/2025\/05\/33-240x300.png 240w, http:\/\/www.eveilceramique.fr\/wp-content\/uploads\/2025\/05\/33-120x150.png 120w, http:\/\/www.eveilceramique.fr\/wp-content\/uploads\/2025\/05\/33-768x960.png 768w, http:\/\/www.eveilceramique.fr\/wp-content\/uploads\/2025\/05\/33.png 1080w\" sizes=\"auto, (max-width: 819px) 100vw, 819px\" \/><\/figure><div class=\"wp-block-media-text__content\">\n<p class=\"has-medium-font-size\" style=\"letter-spacing:5px\"><strong>Sol\u00e9e Gillet<\/strong><br>Gr\u00e8s<br>22480 Peumerit-Quintin<\/p>\n<\/div><\/div>\n\n\n\n<div class=\"wp-block-media-text is-stacked-on-mobile\" style=\"grid-template-columns:35% auto\"><figure class=\"wp-block-media-text__media\"><a href=\"https:\/\/www.instagram.com\/theo.labrunie.ceramique\/\u2028\u2028\"><img loading=\"lazy\" decoding=\"async\" width=\"819\" height=\"1024\" src=\"http:\/\/www.eveilceramique.fr\/wp-content\/uploads\/2025\/05\/59-819x1024.png\" alt=\"\" class=\"wp-image-457 size-full\" srcset=\"http:\/\/www.eveilceramique.fr\/wp-content\/uploads\/2025\/05\/59-819x1024.png 819w, http:\/\/www.eveilceramique.fr\/wp-content\/uploads\/2025\/05\/59-240x300.png 240w, http:\/\/www.eveilceramique.fr\/wp-content\/uploads\/2025\/05\/59-120x150.png 120w, http:\/\/www.eveilceramique.fr\/wp-content\/uploads\/2025\/05\/59-768x960.png 768w, http:\/\/www.eveilceramique.fr\/wp-content\/uploads\/2025\/05\/59.png 1080w\" sizes=\"auto, (max-width: 819px) 100vw, 819px\" \/><\/a><\/figure><div class=\"wp-block-media-text__content\">\n<p class=\"has-medium-font-size\" style=\"letter-spacing:5px\"><strong>Th\u00e9o Labrunie<\/strong><br>Gr\u00e8s<br>22490 Tr\u00e9m\u00e9reuc<\/p>\n<\/div><\/div>\n\n\n\n<div class=\"wp-block-media-text is-stacked-on-mobile\" style=\"grid-template-columns:35% auto\"><figure class=\"wp-block-media-text__media\"><img loading=\"lazy\" decoding=\"async\" width=\"819\" height=\"1024\" src=\"http:\/\/www.eveilceramique.fr\/wp-content\/uploads\/2025\/05\/14-819x1024.png\" alt=\"\" class=\"wp-image-437 size-full\" srcset=\"http:\/\/www.eveilceramique.fr\/wp-content\/uploads\/2025\/05\/14-819x1024.png 819w, http:\/\/www.eveilceramique.fr\/wp-content\/uploads\/2025\/05\/14-240x300.png 240w, http:\/\/www.eveilceramique.fr\/wp-content\/uploads\/2025\/05\/14-120x150.png 120w, http:\/\/www.eveilceramique.fr\/wp-content\/uploads\/2025\/05\/14-768x960.png 768w, http:\/\/www.eveilceramique.fr\/wp-content\/uploads\/2025\/05\/14.png 1080w\" sizes=\"auto, (max-width: 819px) 100vw, 819px\" \/><\/figure><div class=\"wp-block-media-text__content\">\n<p class=\"has-medium-font-size\" style=\"letter-spacing:5px\"><strong>Fr\u00e9d\u00e9ric Tallin<\/strong><br>Gr\u00e8s<br>22370 Pl\u00e9neuf-Val-Andr\u00e9<\/p>\n<\/div><\/div>\n\n\n\n<div class=\"wp-block-media-text is-stacked-on-mobile\" style=\"grid-template-columns:35% auto\"><figure class=\"wp-block-media-text__media\"><img loading=\"lazy\" decoding=\"async\" width=\"819\" height=\"1024\" src=\"http:\/\/www.eveilceramique.fr\/wp-content\/uploads\/2025\/05\/11-819x1024.png\" alt=\"\" class=\"wp-image-436 size-full\" srcset=\"http:\/\/www.eveilceramique.fr\/wp-content\/uploads\/2025\/05\/11-819x1024.png 819w, http:\/\/www.eveilceramique.fr\/wp-content\/uploads\/2025\/05\/11-240x300.png 240w, http:\/\/www.eveilceramique.fr\/wp-content\/uploads\/2025\/05\/11-120x150.png 120w, http:\/\/www.eveilceramique.fr\/wp-content\/uploads\/2025\/05\/11-768x960.png 768w, http:\/\/www.eveilceramique.fr\/wp-content\/uploads\/2025\/05\/11.png 1080w\" sizes=\"auto, (max-width: 819px) 100vw, 819px\" \/><\/figure><div class=\"wp-block-media-text__content\">\n<p class=\"has-medium-font-size\" style=\"letter-spacing:5px\"><strong>Catherine Trochu<\/strong><br>Porcelaine<br>35000 Rennes<\/p>\n<\/div><\/div>\n\n\n\n<div class=\"wp-block-media-text is-stacked-on-mobile\" style=\"grid-template-columns:35% auto\"><figure class=\"wp-block-media-text__media\"><img loading=\"lazy\" decoding=\"async\" width=\"819\" height=\"1024\" src=\"http:\/\/www.eveilceramique.fr\/wp-content\/uploads\/2025\/05\/48-819x1024.png\" alt=\"\" class=\"wp-image-462 size-full\" srcset=\"http:\/\/www.eveilceramique.fr\/wp-content\/uploads\/2025\/05\/48-819x1024.png 819w, http:\/\/www.eveilceramique.fr\/wp-content\/uploads\/2025\/05\/48-240x300.png 240w, http:\/\/www.eveilceramique.fr\/wp-content\/uploads\/2025\/05\/48-120x150.png 120w, http:\/\/www.eveilceramique.fr\/wp-content\/uploads\/2025\/05\/48-768x960.png 768w, http:\/\/www.eveilceramique.fr\/wp-content\/uploads\/2025\/05\/48.png 1080w\" sizes=\"auto, (max-width: 819px) 100vw, 819px\" \/><\/figure><div class=\"wp-block-media-text__content\">\n<p class=\"has-medium-font-size\" style=\"letter-spacing:5px\"><strong>St\u00e9phanie Baron Rodrigues<\/strong><br>Gr\u00e8s<br>53370 Saint-Pierre-des-Nids<\/p>\n<\/div><\/div>\n\n\n\n<div class=\"wp-block-media-text is-stacked-on-mobile\" style=\"grid-template-columns:35% auto\"><figure class=\"wp-block-media-text__media\"><img loading=\"lazy\" decoding=\"async\" width=\"819\" height=\"1024\" src=\"http:\/\/www.eveilceramique.fr\/wp-content\/uploads\/2025\/05\/5-819x1024.png\" alt=\"\" class=\"wp-image-431 size-full\" srcset=\"http:\/\/www.eveilceramique.fr\/wp-content\/uploads\/2025\/05\/5-819x1024.png 819w, http:\/\/www.eveilceramique.fr\/wp-content\/uploads\/2025\/05\/5-240x300.png 240w, http:\/\/www.eveilceramique.fr\/wp-content\/uploads\/2025\/05\/5-120x150.png 120w, http:\/\/www.eveilceramique.fr\/wp-content\/uploads\/2025\/05\/5-768x960.png 768w, http:\/\/www.eveilceramique.fr\/wp-content\/uploads\/2025\/05\/5.png 1080w\" sizes=\"auto, (max-width: 819px) 100vw, 819px\" \/><\/figure><div class=\"wp-block-media-text__content\">\n<p class=\"has-medium-font-size\" style=\"letter-spacing:5px\"><strong>Anne L\u00e9cuyer<\/strong><br>Gr\u00e8s \/ Autre<br>22170 Ch\u00e2telaudren-Plouagat<\/p>\n<\/div><\/div>\n\n\n\n<div class=\"wp-block-media-text is-stacked-on-mobile\" style=\"grid-template-columns:35% auto\"><figure class=\"wp-block-media-text__media\"><img loading=\"lazy\" decoding=\"async\" width=\"819\" height=\"1024\" src=\"http:\/\/www.eveilceramique.fr\/wp-content\/uploads\/2025\/05\/62-819x1024.png\" alt=\"\" class=\"wp-image-463 size-full\" srcset=\"http:\/\/www.eveilceramique.fr\/wp-content\/uploads\/2025\/05\/62-819x1024.png 819w, http:\/\/www.eveilceramique.fr\/wp-content\/uploads\/2025\/05\/62-240x300.png 240w, http:\/\/www.eveilceramique.fr\/wp-content\/uploads\/2025\/05\/62-120x150.png 120w, http:\/\/www.eveilceramique.fr\/wp-content\/uploads\/2025\/05\/62-768x960.png 768w, http:\/\/www.eveilceramique.fr\/wp-content\/uploads\/2025\/05\/62.png 1080w\" sizes=\"auto, (max-width: 819px) 100vw, 819px\" \/><\/figure><div class=\"wp-block-media-text__content\">\n<p class=\"has-medium-font-size\" style=\"letter-spacing:5px\"><strong>Simon Bell\u00e9go &amp; Marie Balme<\/strong> \/ <em>Atelier Les Engob\u00e9s<\/em><br>Fa\u00efence \/ Terre verniss\u00e9e<br>56400 Ploemel<\/p>\n<\/div><\/div>\n\n\n\n<div class=\"wp-block-media-text is-stacked-on-mobile\" style=\"grid-template-columns:35% auto\"><figure class=\"wp-block-media-text__media\"><img loading=\"lazy\" decoding=\"async\" width=\"819\" height=\"1024\" src=\"http:\/\/www.eveilceramique.fr\/wp-content\/uploads\/2025\/05\/65-819x1024.png\" alt=\"\" class=\"wp-image-445 size-full\" srcset=\"http:\/\/www.eveilceramique.fr\/wp-content\/uploads\/2025\/05\/65-819x1024.png 819w, http:\/\/www.eveilceramique.fr\/wp-content\/uploads\/2025\/05\/65-240x300.png 240w, http:\/\/www.eveilceramique.fr\/wp-content\/uploads\/2025\/05\/65-120x150.png 120w, http:\/\/www.eveilceramique.fr\/wp-content\/uploads\/2025\/05\/65-768x960.png 768w, http:\/\/www.eveilceramique.fr\/wp-content\/uploads\/2025\/05\/65.png 1080w\" sizes=\"auto, (max-width: 819px) 100vw, 819px\" \/><\/figure><div class=\"wp-block-media-text__content\">\n<p class=\"has-medium-font-size\" style=\"letter-spacing:5px\"><strong>Romina Abarca<\/strong><br>Gr\u00e8s<br>56250 Sulniac<br><\/p>\n<\/div><\/div>\n\n\n\n<div class=\"wp-block-media-text is-stacked-on-mobile\" style=\"grid-template-columns:35% auto\"><figure class=\"wp-block-media-text__media\"><img loading=\"lazy\" decoding=\"async\" width=\"819\" height=\"1024\" src=\"http:\/\/www.eveilceramique.fr\/wp-content\/uploads\/2025\/05\/44-819x1024.png\" alt=\"\" class=\"wp-image-459 size-full\" srcset=\"http:\/\/www.eveilceramique.fr\/wp-content\/uploads\/2025\/05\/44-819x1024.png 819w, http:\/\/www.eveilceramique.fr\/wp-content\/uploads\/2025\/05\/44-240x300.png 240w, http:\/\/www.eveilceramique.fr\/wp-content\/uploads\/2025\/05\/44-120x150.png 120w, http:\/\/www.eveilceramique.fr\/wp-content\/uploads\/2025\/05\/44-768x960.png 768w, http:\/\/www.eveilceramique.fr\/wp-content\/uploads\/2025\/05\/44.png 1080w\" sizes=\"auto, (max-width: 819px) 100vw, 819px\" \/><\/figure><div class=\"wp-block-media-text__content\">\n<p class=\"has-medium-font-size\" style=\"letter-spacing:5px\"><strong>Tanawel Bricheteau<\/strong><br>Porcelaine<br>22100 Dinan<\/p>\n<\/div><\/div>\n\n\n\n<div class=\"wp-block-media-text is-stacked-on-mobile\" style=\"grid-template-columns:35% auto\"><figure class=\"wp-block-media-text__media\"><img loading=\"lazy\" decoding=\"async\" width=\"819\" height=\"1024\" src=\"http:\/\/www.eveilceramique.fr\/wp-content\/uploads\/2025\/05\/21-819x1024.png\" alt=\"\" class=\"wp-image-441 size-full\" srcset=\"http:\/\/www.eveilceramique.fr\/wp-content\/uploads\/2025\/05\/21-819x1024.png 819w, http:\/\/www.eveilceramique.fr\/wp-content\/uploads\/2025\/05\/21-240x300.png 240w, http:\/\/www.eveilceramique.fr\/wp-content\/uploads\/2025\/05\/21-120x150.png 120w, http:\/\/www.eveilceramique.fr\/wp-content\/uploads\/2025\/05\/21-768x960.png 768w, http:\/\/www.eveilceramique.fr\/wp-content\/uploads\/2025\/05\/21.png 1080w\" sizes=\"auto, (max-width: 819px) 100vw, 819px\" \/><\/figure><div class=\"wp-block-media-text__content\">\n<p class=\"has-medium-font-size\" style=\"letter-spacing:5px\"><strong>Karine Chable<\/strong><br>Gr\u00e8s<br>17138 Saint-Xandre<\/p>\n<\/div><\/div>\n\n\n\n<div class=\"wp-block-media-text is-stacked-on-mobile\" style=\"grid-template-columns:35% auto\"><figure class=\"wp-block-media-text__media\"><img loading=\"lazy\" decoding=\"async\" width=\"819\" height=\"1024\" src=\"http:\/\/www.eveilceramique.fr\/wp-content\/uploads\/2025\/05\/17-819x1024.png\" alt=\"\" class=\"wp-image-461 size-full\" srcset=\"http:\/\/www.eveilceramique.fr\/wp-content\/uploads\/2025\/05\/17-819x1024.png 819w, http:\/\/www.eveilceramique.fr\/wp-content\/uploads\/2025\/05\/17-240x300.png 240w, http:\/\/www.eveilceramique.fr\/wp-content\/uploads\/2025\/05\/17-120x150.png 120w, http:\/\/www.eveilceramique.fr\/wp-content\/uploads\/2025\/05\/17-768x960.png 768w, http:\/\/www.eveilceramique.fr\/wp-content\/uploads\/2025\/05\/17.png 1080w\" sizes=\"auto, (max-width: 819px) 100vw, 819px\" \/><\/figure><div class=\"wp-block-media-text__content\">\n<p class=\"has-medium-font-size\" style=\"letter-spacing:5px\"><strong>M\u00e9lodie L\u2019H\u00e9garet<\/strong><br>Fa\u00efence \/ Terre verniss\u00e9e<br>29200 Brest<\/p>\n<\/div><\/div>\n\n\n\n<div class=\"wp-block-media-text is-stacked-on-mobile\" style=\"grid-template-columns:35% auto\"><figure class=\"wp-block-media-text__media\"><img loading=\"lazy\" decoding=\"async\" width=\"819\" height=\"1024\" src=\"http:\/\/www.eveilceramique.fr\/wp-content\/uploads\/2025\/05\/29-819x1024.png\" alt=\"\" class=\"wp-image-444 size-full\" srcset=\"http:\/\/www.eveilceramique.fr\/wp-content\/uploads\/2025\/05\/29-819x1024.png 819w, http:\/\/www.eveilceramique.fr\/wp-content\/uploads\/2025\/05\/29-240x300.png 240w, http:\/\/www.eveilceramique.fr\/wp-content\/uploads\/2025\/05\/29-120x150.png 120w, http:\/\/www.eveilceramique.fr\/wp-content\/uploads\/2025\/05\/29-768x960.png 768w, http:\/\/www.eveilceramique.fr\/wp-content\/uploads\/2025\/05\/29.png 1080w\" sizes=\"auto, (max-width: 819px) 100vw, 819px\" \/><\/figure><div class=\"wp-block-media-text__content\">\n<p class=\"has-medium-font-size\" style=\"letter-spacing:5px\"><strong>Ga\u00eblle Allibert<\/strong><br>Gr\u00e8s<br>56550 Locoal-Mendon<\/p>\n<\/div><\/div>\n\n\n\n<div class=\"wp-block-media-text is-stacked-on-mobile\" style=\"grid-template-columns:35% auto\"><figure class=\"wp-block-media-text__media\"><img loading=\"lazy\" decoding=\"async\" width=\"819\" height=\"1024\" src=\"http:\/\/www.eveilceramique.fr\/wp-content\/uploads\/2025\/05\/71-819x1024.png\" alt=\"\" class=\"wp-image-450 size-full\" srcset=\"http:\/\/www.eveilceramique.fr\/wp-content\/uploads\/2025\/05\/71-819x1024.png 819w, http:\/\/www.eveilceramique.fr\/wp-content\/uploads\/2025\/05\/71-240x300.png 240w, http:\/\/www.eveilceramique.fr\/wp-content\/uploads\/2025\/05\/71-120x150.png 120w, http:\/\/www.eveilceramique.fr\/wp-content\/uploads\/2025\/05\/71-768x960.png 768w, http:\/\/www.eveilceramique.fr\/wp-content\/uploads\/2025\/05\/71.png 1080w\" sizes=\"auto, (max-width: 819px) 100vw, 819px\" \/><\/figure><div class=\"wp-block-media-text__content\">\n<p class=\"has-medium-font-size\" style=\"letter-spacing:5px\"><strong>Ang\u00e9lique Ch\u00e9reil<\/strong><br>Gr\u00e8s<br>50800 Villedieu-les-Po\u00eales<\/p>\n<\/div><\/div>\n\n\n\n<div class=\"wp-block-media-text is-stacked-on-mobile\" style=\"grid-template-columns:35% auto\"><figure class=\"wp-block-media-text__media\"><img loading=\"lazy\" decoding=\"async\" width=\"819\" height=\"1024\" src=\"http:\/\/www.eveilceramique.fr\/wp-content\/uploads\/2025\/05\/26-819x1024.png\" alt=\"\" class=\"wp-image-442 size-full\" srcset=\"http:\/\/www.eveilceramique.fr\/wp-content\/uploads\/2025\/05\/26-819x1024.png 819w, http:\/\/www.eveilceramique.fr\/wp-content\/uploads\/2025\/05\/26-240x300.png 240w, http:\/\/www.eveilceramique.fr\/wp-content\/uploads\/2025\/05\/26-120x150.png 120w, http:\/\/www.eveilceramique.fr\/wp-content\/uploads\/2025\/05\/26-768x960.png 768w, http:\/\/www.eveilceramique.fr\/wp-content\/uploads\/2025\/05\/26.png 1080w\" sizes=\"auto, (max-width: 819px) 100vw, 819px\" \/><\/figure><div class=\"wp-block-media-text__content\">\n<p class=\"has-medium-font-size\" style=\"letter-spacing:5px\"><strong>Moana Freeman<\/strong><br>Gr\u00e8s \/ Porcelaine<br>29720 Tr\u00e9guennec<\/p>\n<\/div><\/div>\n\n\n\n<div class=\"wp-block-media-text is-stacked-on-mobile\" style=\"grid-template-columns:35% auto\"><figure class=\"wp-block-media-text__media\"><img loading=\"lazy\" decoding=\"async\" width=\"819\" height=\"1024\" src=\"http:\/\/www.eveilceramique.fr\/wp-content\/uploads\/2025\/05\/68-819x1024.png\" alt=\"\" class=\"wp-image-439 size-full\" srcset=\"http:\/\/www.eveilceramique.fr\/wp-content\/uploads\/2025\/05\/68-819x1024.png 819w, http:\/\/www.eveilceramique.fr\/wp-content\/uploads\/2025\/05\/68-240x300.png 240w, http:\/\/www.eveilceramique.fr\/wp-content\/uploads\/2025\/05\/68-120x150.png 120w, http:\/\/www.eveilceramique.fr\/wp-content\/uploads\/2025\/05\/68-768x960.png 768w, http:\/\/www.eveilceramique.fr\/wp-content\/uploads\/2025\/05\/68.png 1080w\" sizes=\"auto, (max-width: 819px) 100vw, 819px\" \/><\/figure><div class=\"wp-block-media-text__content\">\n<p class=\"has-medium-font-size\" style=\"letter-spacing:5px\"><strong>Yannick Geffroy<\/strong><br>Gr\u00e8s<br>56350 Saint-Jean-la-Poterie<\/p>\n<\/div><\/div>\n\n\n\n<div class=\"wp-block-media-text is-stacked-on-mobile\" style=\"grid-template-columns:35% auto\"><figure class=\"wp-block-media-text__media\"><img loading=\"lazy\" decoding=\"async\" width=\"819\" height=\"1024\" src=\"http:\/\/www.eveilceramique.fr\/wp-content\/uploads\/2025\/05\/42-819x1024.png\" alt=\"\" class=\"wp-image-451 size-full\" srcset=\"http:\/\/www.eveilceramique.fr\/wp-content\/uploads\/2025\/05\/42-819x1024.png 819w, http:\/\/www.eveilceramique.fr\/wp-content\/uploads\/2025\/05\/42-240x300.png 240w, http:\/\/www.eveilceramique.fr\/wp-content\/uploads\/2025\/05\/42-120x150.png 120w, http:\/\/www.eveilceramique.fr\/wp-content\/uploads\/2025\/05\/42-768x960.png 768w, http:\/\/www.eveilceramique.fr\/wp-content\/uploads\/2025\/05\/42.png 1080w\" sizes=\"auto, (max-width: 819px) 100vw, 819px\" \/><\/figure><div class=\"wp-block-media-text__content\">\n<p class=\"has-medium-font-size\" style=\"letter-spacing:5px\"><strong>Claire Leschevin<\/strong><br>Porcelaine \/ Terre sigill\u00e9e<br>29100 Douarnenez<br><\/p>\n<\/div><\/div>\n\n\n\n<div class=\"wp-block-media-text is-stacked-on-mobile\" style=\"grid-template-columns:35% auto\"><figure class=\"wp-block-media-text__media\"><img loading=\"lazy\" decoding=\"async\" width=\"819\" height=\"1024\" src=\"http:\/\/www.eveilceramique.fr\/wp-content\/uploads\/2025\/05\/54-819x1024.png\" alt=\"\" class=\"wp-image-452 size-full\" srcset=\"http:\/\/www.eveilceramique.fr\/wp-content\/uploads\/2025\/05\/54-819x1024.png 819w, http:\/\/www.eveilceramique.fr\/wp-content\/uploads\/2025\/05\/54-240x300.png 240w, http:\/\/www.eveilceramique.fr\/wp-content\/uploads\/2025\/05\/54-120x150.png 120w, http:\/\/www.eveilceramique.fr\/wp-content\/uploads\/2025\/05\/54-768x960.png 768w, http:\/\/www.eveilceramique.fr\/wp-content\/uploads\/2025\/05\/54.png 1080w\" sizes=\"auto, (max-width: 819px) 100vw, 819px\" \/><\/figure><div class=\"wp-block-media-text__content\">\n<p class=\"has-medium-font-size\" style=\"letter-spacing:5px\"><strong>Morgane Lozahic<\/strong><br>Gr\u00e8s<br>29630 Plougasnou<\/p>\n<\/div><\/div>\n\n\n\n<div class=\"wp-block-media-text is-stacked-on-mobile\" style=\"grid-template-columns:35% auto\"><figure class=\"wp-block-media-text__media\"><img loading=\"lazy\" decoding=\"async\" width=\"819\" height=\"1024\" src=\"http:\/\/www.eveilceramique.fr\/wp-content\/uploads\/2025\/05\/38-819x1024.png\" alt=\"\" class=\"wp-image-455 size-full\" srcset=\"http:\/\/www.eveilceramique.fr\/wp-content\/uploads\/2025\/05\/38-819x1024.png 819w, http:\/\/www.eveilceramique.fr\/wp-content\/uploads\/2025\/05\/38-240x300.png 240w, http:\/\/www.eveilceramique.fr\/wp-content\/uploads\/2025\/05\/38-120x150.png 120w, http:\/\/www.eveilceramique.fr\/wp-content\/uploads\/2025\/05\/38-768x960.png 768w, http:\/\/www.eveilceramique.fr\/wp-content\/uploads\/2025\/05\/38.png 1080w\" sizes=\"auto, (max-width: 819px) 100vw, 819px\" \/><\/figure><div class=\"wp-block-media-text__content\">\n<p class=\"has-medium-font-size\" style=\"letter-spacing:5px\"><strong>\u00c9meric-\u00c9tienne Le Bloas<\/strong><br>Gr\u00e8s<br>29900 Concarneau<\/p>\n<\/div><\/div>\n\n\n\n<p class=\"has-text-align-left has-medium-font-size\" style=\"letter-spacing:2px\"><br><br>Avec un nombre record de candidatures cette ann\u00e9e, la s\u00e9lection n\u2019a pas \u00e9t\u00e9 facile !<br><br>L\u2019an dernier, nous avions re\u00e7u <strong>34<\/strong> dossiers.<br>Cette ann\u00e9e, c\u2019est pr\u00e8s de <strong>100<\/strong> candidatures pour seulement <strong>20<\/strong> places.<br>Le choix a donc \u00e9t\u00e9 particuli\u00e8rement difficile.<\/p>\n\n\n\n<p class=\"has-text-align-left has-medium-font-size\" style=\"letter-spacing:2px\">Nous avons \u00e9tudi\u00e9 chaque dossier avec le plus grand soin, et nous remercions chaleureusement tous les artisans qui ont postul\u00e9 !<\/p>\n\n\n\n<p><\/p>\n","protected":false},"excerpt":{"rendered":"<p>S\u00e9lection 2025 \/\/ \u2028 \u00c9veil C\u00e9ramique, march\u00e9 de potiers \u00e0 Corseul\u2028 14 &amp; 15 Juin 2025 Sophie AlbertGr\u00e8s53600 Evron B\u00e9rang\u00e8re NoyauPorcelaine77920 Samois Am\u00e9lie ClermontGr\u00e8s56220 Rochefort-en-Terre Maud SpisserPorcelaine22490 Tr\u00e9m\u00e9reuc Julie ViudesPorcelaine \/ Gr\u00e8s44100 Nantes Sol\u00e9e GilletGr\u00e8s22480 Peumerit-Quintin Th\u00e9o LabrunieGr\u00e8s22490 Tr\u00e9m\u00e9reuc Fr\u00e9d\u00e9ric TallinGr\u00e8s22370 Pl\u00e9neuf-Val-Andr\u00e9 Catherine TrochuPorcelaine35000 Rennes St\u00e9phanie Baron RodriguesGr\u00e8s53370 Saint-Pierre-des-Nids Anne L\u00e9cuyerGr\u00e8s \/ Autre22170 Ch\u00e2telaudren-Plouagat Simon Bell\u00e9go &amp; Marie Balme \/ Atelier Les Engob\u00e9sFa\u00efence \/ Terre verniss\u00e9e56400 Ploemel Romina AbarcaGr\u00e8s56250 Sulniac Tanawel BricheteauPorcelaine22100 Dinan Karine ChableGr\u00e8s17138 Saint-Xandre M\u00e9lodie L\u2019H\u00e9garetFa\u00efence \/ Terre verniss\u00e9e29200 Brest Ga\u00eblle AllibertGr\u00e8s56550 Locoal-Mendon Ang\u00e9lique Ch\u00e9reilGr\u00e8s50800 Villedieu-les-Po\u00eales Moana FreemanGr\u00e8s \/ Porcelaine29720 Tr\u00e9guennec Yannick GeffroyGr\u00e8s56350 Saint-Jean-la-Poterie Claire LeschevinPorcelaine \/ Terre sigill\u00e9e29100 Douarnenez Morgane LozahicGr\u00e8s29630 Plougasnou \u00c9meric-\u00c9tienne Le BloasGr\u00e8s29900 Concarneau Avec un nombre record de candidatures cette ann\u00e9e, la s\u00e9lection n\u2019a pas \u00e9t\u00e9 facile ! L\u2019an dernier, nous avions re\u00e7u 34 dossiers.Cette ann\u00e9e, c\u2019est pr\u00e8s de 100 candidatures pour seulement 20 places.Le choix a donc \u00e9t\u00e9 particuli\u00e8rement difficile. Nous avons \u00e9tudi\u00e9 chaque dossier avec le plus grand soin, et nous remercions chaleureusement tous les artisans qui ont postul\u00e9 !<\/p>\n","protected":false},"author":3,"featured_media":0,"parent":506,"menu_order":0,"comment_status":"closed","ping_status":"closed","template":"","meta":{"footnotes":""},"class_list":["post-350","page","type-page","status-publish","hentry"],"_links":{"self":[{"href":"http:\/\/www.eveilceramique.fr\/index.php\/wp-json\/wp\/v2\/pages\/350","targetHints":{"allow":["GET"]}}],"collection":[{"href":"http:\/\/www.eveilceramique.fr\/index.php\/wp-json\/wp\/v2\/pages"}],"about":[{"href":"http:\/\/www.eveilceramique.fr\/index.php\/wp-json\/wp\/v2\/types\/page"}],"author":[{"embeddable":true,"href":"http:\/\/www.eveilceramique.fr\/index.php\/wp-json\/wp\/v2\/users\/3"}],"replies":[{"embeddable":true,"href":"http:\/\/www.eveilceramique.fr\/index.php\/wp-json\/wp\/v2\/comments?post=350"}],"version-history":[{"count":36,"href":"http:\/\/www.eveilceramique.fr\/index.php\/wp-json\/wp\/v2\/pages\/350\/revisions"}],"predecessor-version":[{"id":535,"href":"http:\/\/www.eveilceramique.fr\/index.php\/wp-json\/wp\/v2\/pages\/350\/revisions\/535"}],"up":[{"embeddable":true,"href":"http:\/\/www.eveilceramique.fr\/index.php\/wp-json\/wp\/v2\/pages\/506"}],"wp:attachment":[{"href":"http:\/\/www.eveilceramique.fr\/index.php\/wp-json\/wp\/v2\/media?parent=350"}],"curies":[{"name":"wp","href":"https:\/\/api.w.org\/{rel}","templated":true}]}}