{"id":15,"date":"2024-03-13T14:33:41","date_gmt":"2024-03-13T13:33:41","guid":{"rendered":"http:\/\/www.eveilceramique.fr\/?page_id=15"},"modified":"2025-05-25T12:26:42","modified_gmt":"2025-05-25T10:26:42","slug":"nos-exposants-2024","status":"publish","type":"page","link":"http:\/\/www.eveilceramique.fr\/index.php\/edition-2024\/nos-exposants-2024\/","title":{"rendered":"Nos exposants 2024"},"content":{"rendered":"\n<p class=\"has-large-font-size\" style=\"letter-spacing:2px\"><strong>Historique &#8211; 2024 \/\/ \u2028<br><br>\u00c9veil C\u00e9ramique &#8211; 2\u00e8me \u00e9dition<br><br>15 &amp; 16 Juin 2024<\/strong><\/p>\n\n\n\n<div style=\"height:80px\" aria-hidden=\"true\" class=\"wp-block-spacer\"><\/div>\n\n\n\n<p class=\"has-medium-font-size\" style=\"letter-spacing:2px\">Parmi de nombreuses candidatures, choisir les c\u00e9ramistes du march\u00e9 n\u2019a pas \u00e9t\u00e9 simple ! Nous avons opt\u00e9 pour une s\u00e9lection vari\u00e9e afin de proposer au public un bel \u00e9ventail de styles et de talents.<br>Nous sommes ravis d\u2019avoir accueilli ces artistes venus de Bretagne et du Grand Ouest pour partager leur passion \u00e0 Corseul !<br><br>Par ordre alphab\u00e9tique :<br><br><strong>Romina Abarca<\/strong><br>Instagram : <a href=\"https:\/\/www.instagram.com\/ceramica.orfilia\/\">https:\/\/www.instagram.com\/ceramica.orfilia\/<\/a><br>Site : <a href=\"https:\/\/orfilia.fr\/\">https:\/\/orfilia.fr\/<\/a><br><br><strong>Ga\u00eblle Allibert<\/strong><br><br><strong>Elo\u00efse Batty<\/strong><br>Instagram :\u00a0<a href=\"https:\/\/www.instagram.com\/eloisebatty\/\">https:\/\/www.instagram.com\/eloisebatty\/<\/a><br><br><strong>Tanawel Bricheteau<\/strong> (Dinan &#8211; 22)<br>Instagram : <a href=\"https:\/\/www.instagram.com\/tanawel_porcelaine\/\">https:\/\/www.instagram.com\/tanawel_porcelaine\/<\/a><br>Site : <a href=\"https:\/\/tanawel.com\">https:\/\/tanawel.com<\/a><br><br><strong>Sylvie Cheval<\/strong> (Cahagnes &#8211; 14)<br>Instagram : <a href=\"https:\/\/www.instagram.com\/sylvie.cvl\/\">https:\/\/www.instagram.com\/sylvie.cvl\/<\/a><br><br><strong>Marion Conand<\/strong> (Pont-Scorff &#8211; 56)<br>Instagram :\u00a0<a href=\"https:\/\/www.instagram.com\/marion_conand_ceramique\/\">https:\/\/www.instagram.com\/marion_conand_ceramique\/<\/a><br><br><strong>Salom\u00e9 Dubart &#8211; Studio An\u00e9mone<\/strong> (Vannes &#8211; 56)<br>Instagram : <a href=\"https:\/\/www.instagram.com\/studio.anemone\/\">https:\/\/www.instagram.com\/studio.anemone\/<\/a><br><br><strong>Catherine Eyraud Delisle<\/strong> (Pont-Scorff &#8211; 56)<br>Instagram :\u00a0<a href=\"https:\/\/www.instagram.com\/idceram\/\">https:\/\/www.instagram.com\/idceram\/<\/a><br>Site : <a href=\"https:\/\/idceram.com\/\">https:\/\/idceram.com\/<\/a><br><br><strong>Simon F\u00e9dou &#8211; Les Poteries de Simon<\/strong> (Nantes)<br>Instagram :\u00a0<a href=\"https:\/\/www.instagram.com\/les.poteries.de.simon\/\">https:\/\/www.instagram.com\/les.poteries.de.simon\/<\/a><br><br><strong>Guillaume Gar\u00e8s<\/strong> (Lannion &#8211; 22)<br>Instagram :\u00a0<a href=\"https:\/\/www.instagram.com\/ggpotier\/\">https:\/\/www.instagram.com\/ggpotier\/<\/a><br><br><strong>Michelle Gr\u00e9gy<\/strong> (Pl\u00e9ch\u00e2tel &#8211; 35)<br>Instagram :\u00a0<a href=\"https:\/\/www.instagram.com\/atelier_ceramique_ardouais\/\">https:\/\/www.instagram.com\/atelier_ceramique_ardouais\/<\/a><br>Site : <a href=\"https:\/\/www.michellegregy.com\/\">https:\/\/www.michellegregy.com\/<\/a><br><br><strong>Fabienne Jacob &#8211; La Magie des \u00c9maux<\/strong><br>Site : <a href=\"https:\/\/lamagiedesemaux.book.fr\">https:\/\/lamagiedesemaux.book.fr<\/a><br><br><strong>Delphine L\u00e9crivain<\/strong> (Foug\u00e8res &#8211; 35)<br>Instagram :\u00a0<a href=\"https:\/\/www.instagram.com\/delphine_lecrivain_ceramique\/\">https:\/\/www.instagram.com\/delphine_lecrivain_ceramique\/<\/a><br>Site : <a href=\"https:\/\/www.delphinelecrivain.com\/\">https:\/\/www.delphinelecrivain.com\/<\/a><br><br><strong>Anne L\u00e9cuyer<\/strong> (Ch\u00e2t\u00e9laudren &#8211; 22)<br>Instagram :\u00a0<a href=\"https:\/\/www.instagram.com\/annelecuyer.poterie\/\">https:\/\/www.instagram.com\/annelecuyer.poterie\/<\/a><br>Site : <a href=\"https:\/\/www.annelecuyer.fr\/\">https:\/\/www.annelecuyer.fr\/<\/a><br><br><strong>Simon Le Pennec<\/strong><br>Instagram :\u00a0<a href=\"https:\/\/www.instagram.com\/simonlepennec\/\">https:\/\/www.instagram.com\/simonlepennec\/<\/a><br>Site : <a href=\"http:\/\/simonlepennec.fr\">http:\/\/simonlepennec.fr<\/a><br><br><strong>Sabine Muller \u2013 Sab Muller Ceramics<\/strong> (Boistrudan \u2013 35)<br>Instagram :\u00a0<a href=\"https:\/\/www.instagram.com\/sabmullerceramics\/\">https:\/\/www.instagram.com\/sabmullerceramics\/<\/a><br>Site : <a href=\"http:\/\/sabmuller.com\">http:\/\/sabmuller.com<\/a><br><br><strong>Guyl\u00e8ne Renaud<\/strong><br>Instagram :\u00a0<a href=\"https:\/\/www.instagram.com\/ceramique.guylene.renaud\/\">https:\/\/www.instagram.com\/ceramique.guylene.renaud\/<\/a><br>Site : <a href=\"https:\/\/guylene-renaud.leventaire.org\">https:\/\/guylene-renaud.leventaire.org<\/a><br><br><strong>Sarah Savatier &#8211; Si la pluie&#8230;<\/strong> (Saint Fulgent &#8211; 85)<br>Instagram :\u00a0<a href=\"https:\/\/www.instagram.com\/silapluie.ceramique\/\">https:\/\/www.instagram.com\/silapluie.ceramique\/<\/a><br>Site : <a href=\"https:\/\/silapluie.com\">https:\/\/silapluie.com<\/a><br><br><strong>Maud Spisser &#8211; M\u00f6 C\u00e9ramique<\/strong> (Tr\u00e9m\u00e9reuc &#8211; 22)<br>Instagram :\u00a0<a href=\"https:\/\/www.instagram.com\/mo_ceramique\/\">https:\/\/www.instagram.com\/mo_ceramique\/<\/a><br>Site : <a href=\"https:\/\/www.mo-ceramique.com\">https:\/\/www.mo-ceramique.com<\/a><br><br><strong>Catherine Trochu<\/strong> (Rennes &#8211; 35)<br>Instagram : <a href=\"https:\/\/www.instagram.com\/cat.trochuceramic\/\">https:\/\/www.instagram.com\/cat.trochuceramic\/<\/a><br>Site : <a href=\"https:\/\/www.cat-trochu-ceramic.com\">https:\/\/www.cat-trochu-ceramic.com<\/a><br><br><strong>Sandra et Corentin Vincent \u2013 La Poterie de Sandra &amp; Co<\/strong> (Corseul \u2013 22)<br>Instagram :\u00a0<a href=\"https:\/\/www.instagram.com\/lapoteriedesandraandco\/\">https:\/\/www.instagram.com\/lapoteriedesandraandco\/<\/a><br>Site : <a href=\"https:\/\/lapoteriedesandra.fr\">https:\/\/lapoteriedesandra.fr<\/a><br><br><strong>Julie Viudes &#8211; La poti\u00e8re et son chien<\/strong> (Vannes &#8211; 56)<br>Instagram : <a href=\"https:\/\/www.instagram.com\/julieviudes.ceramiste\/\">https:\/\/www.instagram.com\/julieviudes.ceramiste\/<\/a><br><br><strong>Laure Zurcher<\/strong> (Saint-Malo &#8211; 35)<br>Instagram :\u00a0<a href=\"https:\/\/www.instagram.com\/laurezurcherceramique\/\">https:\/\/www.instagram.com\/laurezurcherceramique\/<\/a><br>Site : <a href=\"https:\/\/laurez29.wixsite.com\/\">https:\/\/laurez29.wixsite.com\/<\/a><br><\/p>\n\n\n\n<div style=\"height:80px\" aria-hidden=\"true\" class=\"wp-block-spacer\"><\/div>\n\n\n\n<figure class=\"wp-block-gallery has-nested-images columns-default is-cropped wp-block-gallery-1 is-layout-flex wp-block-gallery-is-layout-flex\">\n<figure class=\"wp-block-image size-large\"><img loading=\"lazy\" decoding=\"async\" width=\"1024\" height=\"1024\" data-id=\"30\" src=\"http:\/\/www.eveilceramique.fr\/wp-content\/uploads\/2024\/03\/ABARCA-portrait01-1024x1024.jpg\" alt=\"\" class=\"wp-image-30\" srcset=\"http:\/\/www.eveilceramique.fr\/wp-content\/uploads\/2024\/03\/ABARCA-portrait01-1024x1024.jpg 1024w, http:\/\/www.eveilceramique.fr\/wp-content\/uploads\/2024\/03\/ABARCA-portrait01-300x300.jpg 300w, http:\/\/www.eveilceramique.fr\/wp-content\/uploads\/2024\/03\/ABARCA-portrait01-150x150.jpg 150w, http:\/\/www.eveilceramique.fr\/wp-content\/uploads\/2024\/03\/ABARCA-portrait01-768x768.jpg 768w, http:\/\/www.eveilceramique.fr\/wp-content\/uploads\/2024\/03\/ABARCA-portrait01.jpg 1116w\" sizes=\"auto, (max-width: 1024px) 100vw, 1024px\" \/><\/figure>\n\n\n\n<figure class=\"wp-block-image size-large\"><img loading=\"lazy\" decoding=\"async\" width=\"1024\" height=\"1024\" data-id=\"31\" src=\"http:\/\/www.eveilceramique.fr\/wp-content\/uploads\/2024\/03\/ALLIBERT-portrait01-1024x1024.jpg\" alt=\"\" class=\"wp-image-31\" srcset=\"http:\/\/www.eveilceramique.fr\/wp-content\/uploads\/2024\/03\/ALLIBERT-portrait01-1024x1024.jpg 1024w, http:\/\/www.eveilceramique.fr\/wp-content\/uploads\/2024\/03\/ALLIBERT-portrait01-300x300.jpg 300w, http:\/\/www.eveilceramique.fr\/wp-content\/uploads\/2024\/03\/ALLIBERT-portrait01-150x150.jpg 150w, http:\/\/www.eveilceramique.fr\/wp-content\/uploads\/2024\/03\/ALLIBERT-portrait01-768x768.jpg 768w, http:\/\/www.eveilceramique.fr\/wp-content\/uploads\/2024\/03\/ALLIBERT-portrait01.jpg 1116w\" sizes=\"auto, (max-width: 1024px) 100vw, 1024px\" \/><\/figure>\n\n\n\n<figure class=\"wp-block-image size-large\"><img loading=\"lazy\" decoding=\"async\" width=\"1024\" height=\"1024\" data-id=\"34\" src=\"http:\/\/www.eveilceramique.fr\/wp-content\/uploads\/2024\/03\/Bricheteau-portrait01-1024x1024.jpg\" alt=\"\" class=\"wp-image-34\" srcset=\"http:\/\/www.eveilceramique.fr\/wp-content\/uploads\/2024\/03\/Bricheteau-portrait01-1024x1024.jpg 1024w, http:\/\/www.eveilceramique.fr\/wp-content\/uploads\/2024\/03\/Bricheteau-portrait01-300x300.jpg 300w, http:\/\/www.eveilceramique.fr\/wp-content\/uploads\/2024\/03\/Bricheteau-portrait01-150x150.jpg 150w, http:\/\/www.eveilceramique.fr\/wp-content\/uploads\/2024\/03\/Bricheteau-portrait01-768x768.jpg 768w, http:\/\/www.eveilceramique.fr\/wp-content\/uploads\/2024\/03\/Bricheteau-portrait01.jpg 1116w\" sizes=\"auto, (max-width: 1024px) 100vw, 1024px\" \/><\/figure>\n\n\n\n<figure class=\"wp-block-image size-large\"><img loading=\"lazy\" decoding=\"async\" width=\"1024\" height=\"1024\" data-id=\"49\" src=\"http:\/\/www.eveilceramique.fr\/wp-content\/uploads\/2024\/03\/Viudes-portrait01-1024x1024.jpg\" alt=\"\" class=\"wp-image-49\" srcset=\"http:\/\/www.eveilceramique.fr\/wp-content\/uploads\/2024\/03\/Viudes-portrait01-1024x1024.jpg 1024w, http:\/\/www.eveilceramique.fr\/wp-content\/uploads\/2024\/03\/Viudes-portrait01-300x300.jpg 300w, http:\/\/www.eveilceramique.fr\/wp-content\/uploads\/2024\/03\/Viudes-portrait01-150x150.jpg 150w, http:\/\/www.eveilceramique.fr\/wp-content\/uploads\/2024\/03\/Viudes-portrait01-768x768.jpg 768w, http:\/\/www.eveilceramique.fr\/wp-content\/uploads\/2024\/03\/Viudes-portrait01.jpg 1116w\" sizes=\"auto, (max-width: 1024px) 100vw, 1024px\" \/><\/figure>\n\n\n\n<figure class=\"wp-block-image size-large\"><img loading=\"lazy\" decoding=\"async\" width=\"1024\" height=\"1024\" data-id=\"47\" src=\"http:\/\/www.eveilceramique.fr\/wp-content\/uploads\/2024\/03\/Trochu-portrait01-1024x1024.jpg\" alt=\"\" class=\"wp-image-47\" srcset=\"http:\/\/www.eveilceramique.fr\/wp-content\/uploads\/2024\/03\/Trochu-portrait01-1024x1024.jpg 1024w, http:\/\/www.eveilceramique.fr\/wp-content\/uploads\/2024\/03\/Trochu-portrait01-300x300.jpg 300w, http:\/\/www.eveilceramique.fr\/wp-content\/uploads\/2024\/03\/Trochu-portrait01-150x150.jpg 150w, http:\/\/www.eveilceramique.fr\/wp-content\/uploads\/2024\/03\/Trochu-portrait01-768x768.jpg 768w, http:\/\/www.eveilceramique.fr\/wp-content\/uploads\/2024\/03\/Trochu-portrait01.jpg 1116w\" sizes=\"auto, (max-width: 1024px) 100vw, 1024px\" \/><\/figure>\n\n\n\n<figure class=\"wp-block-image size-large\"><img loading=\"lazy\" decoding=\"async\" width=\"1024\" height=\"1024\" data-id=\"46\" src=\"http:\/\/www.eveilceramique.fr\/wp-content\/uploads\/2024\/03\/Spisser-portrait01-1024x1024.jpg\" alt=\"\" class=\"wp-image-46\" srcset=\"http:\/\/www.eveilceramique.fr\/wp-content\/uploads\/2024\/03\/Spisser-portrait01-1024x1024.jpg 1024w, http:\/\/www.eveilceramique.fr\/wp-content\/uploads\/2024\/03\/Spisser-portrait01-300x300.jpg 300w, http:\/\/www.eveilceramique.fr\/wp-content\/uploads\/2024\/03\/Spisser-portrait01-150x150.jpg 150w, http:\/\/www.eveilceramique.fr\/wp-content\/uploads\/2024\/03\/Spisser-portrait01-768x768.jpg 768w, http:\/\/www.eveilceramique.fr\/wp-content\/uploads\/2024\/03\/Spisser-portrait01.jpg 1116w\" sizes=\"auto, (max-width: 1024px) 100vw, 1024px\" \/><\/figure>\n\n\n\n<figure class=\"wp-block-image size-large\"><img loading=\"lazy\" decoding=\"async\" width=\"1024\" height=\"1024\" data-id=\"45\" src=\"http:\/\/www.eveilceramique.fr\/wp-content\/uploads\/2024\/03\/Lecuyer-portrait02-1024x1024.jpg\" alt=\"\" class=\"wp-image-45\" srcset=\"http:\/\/www.eveilceramique.fr\/wp-content\/uploads\/2024\/03\/Lecuyer-portrait02-1024x1024.jpg 1024w, http:\/\/www.eveilceramique.fr\/wp-content\/uploads\/2024\/03\/Lecuyer-portrait02-300x300.jpg 300w, http:\/\/www.eveilceramique.fr\/wp-content\/uploads\/2024\/03\/Lecuyer-portrait02-150x150.jpg 150w, http:\/\/www.eveilceramique.fr\/wp-content\/uploads\/2024\/03\/Lecuyer-portrait02-768x768.jpg 768w, http:\/\/www.eveilceramique.fr\/wp-content\/uploads\/2024\/03\/Lecuyer-portrait02.jpg 1116w\" sizes=\"auto, (max-width: 1024px) 100vw, 1024px\" \/><\/figure>\n\n\n\n<figure class=\"wp-block-image size-large\"><img loading=\"lazy\" decoding=\"async\" width=\"1024\" height=\"1024\" data-id=\"44\" src=\"http:\/\/www.eveilceramique.fr\/wp-content\/uploads\/2024\/03\/Savatier-portrait01-1024x1024.jpg\" alt=\"\" class=\"wp-image-44\" srcset=\"http:\/\/www.eveilceramique.fr\/wp-content\/uploads\/2024\/03\/Savatier-portrait01-1024x1024.jpg 1024w, http:\/\/www.eveilceramique.fr\/wp-content\/uploads\/2024\/03\/Savatier-portrait01-300x300.jpg 300w, http:\/\/www.eveilceramique.fr\/wp-content\/uploads\/2024\/03\/Savatier-portrait01-150x150.jpg 150w, http:\/\/www.eveilceramique.fr\/wp-content\/uploads\/2024\/03\/Savatier-portrait01-768x768.jpg 768w, http:\/\/www.eveilceramique.fr\/wp-content\/uploads\/2024\/03\/Savatier-portrait01.jpg 1116w\" sizes=\"auto, (max-width: 1024px) 100vw, 1024px\" \/><\/figure>\n\n\n\n<figure class=\"wp-block-image size-large\"><img loading=\"lazy\" decoding=\"async\" width=\"1024\" height=\"1024\" data-id=\"43\" src=\"http:\/\/www.eveilceramique.fr\/wp-content\/uploads\/2024\/03\/Lecrivain-portrait01-1024x1024.jpg\" alt=\"\" class=\"wp-image-43\" srcset=\"http:\/\/www.eveilceramique.fr\/wp-content\/uploads\/2024\/03\/Lecrivain-portrait01-1024x1024.jpg 1024w, http:\/\/www.eveilceramique.fr\/wp-content\/uploads\/2024\/03\/Lecrivain-portrait01-300x300.jpg 300w, http:\/\/www.eveilceramique.fr\/wp-content\/uploads\/2024\/03\/Lecrivain-portrait01-150x150.jpg 150w, http:\/\/www.eveilceramique.fr\/wp-content\/uploads\/2024\/03\/Lecrivain-portrait01-768x768.jpg 768w, http:\/\/www.eveilceramique.fr\/wp-content\/uploads\/2024\/03\/Lecrivain-portrait01.jpg 1116w\" sizes=\"auto, (max-width: 1024px) 100vw, 1024px\" \/><\/figure>\n\n\n\n<figure class=\"wp-block-image size-large\"><img loading=\"lazy\" decoding=\"async\" width=\"1024\" height=\"1024\" data-id=\"42\" src=\"http:\/\/www.eveilceramique.fr\/wp-content\/uploads\/2024\/03\/Le-Pennec-portrait01-1024x1024.jpg\" alt=\"\" class=\"wp-image-42\" srcset=\"http:\/\/www.eveilceramique.fr\/wp-content\/uploads\/2024\/03\/Le-Pennec-portrait01-1024x1024.jpg 1024w, http:\/\/www.eveilceramique.fr\/wp-content\/uploads\/2024\/03\/Le-Pennec-portrait01-300x300.jpg 300w, http:\/\/www.eveilceramique.fr\/wp-content\/uploads\/2024\/03\/Le-Pennec-portrait01-150x150.jpg 150w, http:\/\/www.eveilceramique.fr\/wp-content\/uploads\/2024\/03\/Le-Pennec-portrait01-768x768.jpg 768w, http:\/\/www.eveilceramique.fr\/wp-content\/uploads\/2024\/03\/Le-Pennec-portrait01.jpg 1116w\" sizes=\"auto, (max-width: 1024px) 100vw, 1024px\" \/><\/figure>\n\n\n\n<figure class=\"wp-block-image size-large\"><img loading=\"lazy\" decoding=\"async\" width=\"1024\" height=\"1024\" data-id=\"41\" src=\"http:\/\/www.eveilceramique.fr\/wp-content\/uploads\/2024\/03\/Jacob-portrait01-1024x1024.jpg\" alt=\"\" class=\"wp-image-41\" srcset=\"http:\/\/www.eveilceramique.fr\/wp-content\/uploads\/2024\/03\/Jacob-portrait01-1024x1024.jpg 1024w, http:\/\/www.eveilceramique.fr\/wp-content\/uploads\/2024\/03\/Jacob-portrait01-300x300.jpg 300w, http:\/\/www.eveilceramique.fr\/wp-content\/uploads\/2024\/03\/Jacob-portrait01-150x150.jpg 150w, http:\/\/www.eveilceramique.fr\/wp-content\/uploads\/2024\/03\/Jacob-portrait01-768x768.jpg 768w, http:\/\/www.eveilceramique.fr\/wp-content\/uploads\/2024\/03\/Jacob-portrait01.jpg 1116w\" sizes=\"auto, (max-width: 1024px) 100vw, 1024px\" \/><\/figure>\n\n\n\n<figure class=\"wp-block-image size-large\"><img loading=\"lazy\" decoding=\"async\" width=\"1024\" height=\"1024\" data-id=\"40\" src=\"http:\/\/www.eveilceramique.fr\/wp-content\/uploads\/2024\/03\/Gregy-portrait01-1024x1024.jpg\" alt=\"\" class=\"wp-image-40\" srcset=\"http:\/\/www.eveilceramique.fr\/wp-content\/uploads\/2024\/03\/Gregy-portrait01-1024x1024.jpg 1024w, http:\/\/www.eveilceramique.fr\/wp-content\/uploads\/2024\/03\/Gregy-portrait01-300x300.jpg 300w, http:\/\/www.eveilceramique.fr\/wp-content\/uploads\/2024\/03\/Gregy-portrait01-150x150.jpg 150w, http:\/\/www.eveilceramique.fr\/wp-content\/uploads\/2024\/03\/Gregy-portrait01-768x768.jpg 768w, http:\/\/www.eveilceramique.fr\/wp-content\/uploads\/2024\/03\/Gregy-portrait01.jpg 1116w\" sizes=\"auto, (max-width: 1024px) 100vw, 1024px\" \/><\/figure>\n\n\n\n<figure class=\"wp-block-image size-large\"><img loading=\"lazy\" decoding=\"async\" width=\"1024\" height=\"1024\" data-id=\"39\" src=\"http:\/\/www.eveilceramique.fr\/wp-content\/uploads\/2024\/03\/GARES-portrait01-1024x1024.jpg\" alt=\"\" class=\"wp-image-39\" srcset=\"http:\/\/www.eveilceramique.fr\/wp-content\/uploads\/2024\/03\/GARES-portrait01-1024x1024.jpg 1024w, http:\/\/www.eveilceramique.fr\/wp-content\/uploads\/2024\/03\/GARES-portrait01-300x300.jpg 300w, http:\/\/www.eveilceramique.fr\/wp-content\/uploads\/2024\/03\/GARES-portrait01-150x150.jpg 150w, http:\/\/www.eveilceramique.fr\/wp-content\/uploads\/2024\/03\/GARES-portrait01-768x768.jpg 768w, http:\/\/www.eveilceramique.fr\/wp-content\/uploads\/2024\/03\/GARES-portrait01.jpg 1116w\" sizes=\"auto, (max-width: 1024px) 100vw, 1024px\" \/><\/figure>\n\n\n\n<figure class=\"wp-block-image size-large\"><img loading=\"lazy\" decoding=\"async\" width=\"1024\" height=\"1024\" data-id=\"38\" src=\"http:\/\/www.eveilceramique.fr\/wp-content\/uploads\/2024\/03\/Fedou-portrait01-1024x1024.jpg\" alt=\"\" class=\"wp-image-38\" srcset=\"http:\/\/www.eveilceramique.fr\/wp-content\/uploads\/2024\/03\/Fedou-portrait01-1024x1024.jpg 1024w, http:\/\/www.eveilceramique.fr\/wp-content\/uploads\/2024\/03\/Fedou-portrait01-300x300.jpg 300w, http:\/\/www.eveilceramique.fr\/wp-content\/uploads\/2024\/03\/Fedou-portrait01-150x150.jpg 150w, http:\/\/www.eveilceramique.fr\/wp-content\/uploads\/2024\/03\/Fedou-portrait01-768x768.jpg 768w, http:\/\/www.eveilceramique.fr\/wp-content\/uploads\/2024\/03\/Fedou-portrait01.jpg 1116w\" sizes=\"auto, (max-width: 1024px) 100vw, 1024px\" \/><\/figure>\n\n\n\n<figure class=\"wp-block-image size-large\"><img loading=\"lazy\" decoding=\"async\" width=\"1024\" height=\"1024\" data-id=\"37\" src=\"http:\/\/www.eveilceramique.fr\/wp-content\/uploads\/2024\/03\/Eyraud-portrait01-1024x1024.jpg\" alt=\"\" class=\"wp-image-37\" srcset=\"http:\/\/www.eveilceramique.fr\/wp-content\/uploads\/2024\/03\/Eyraud-portrait01-1024x1024.jpg 1024w, http:\/\/www.eveilceramique.fr\/wp-content\/uploads\/2024\/03\/Eyraud-portrait01-300x300.jpg 300w, http:\/\/www.eveilceramique.fr\/wp-content\/uploads\/2024\/03\/Eyraud-portrait01-150x150.jpg 150w, http:\/\/www.eveilceramique.fr\/wp-content\/uploads\/2024\/03\/Eyraud-portrait01-768x768.jpg 768w, http:\/\/www.eveilceramique.fr\/wp-content\/uploads\/2024\/03\/Eyraud-portrait01.jpg 1116w\" sizes=\"auto, (max-width: 1024px) 100vw, 1024px\" \/><\/figure>\n\n\n\n<figure class=\"wp-block-image size-large\"><img loading=\"lazy\" decoding=\"async\" width=\"1024\" height=\"1024\" data-id=\"50\" src=\"http:\/\/www.eveilceramique.fr\/wp-content\/uploads\/2024\/03\/Zurcher-portrait01-1024x1024.jpg\" alt=\"\" class=\"wp-image-50\" srcset=\"http:\/\/www.eveilceramique.fr\/wp-content\/uploads\/2024\/03\/Zurcher-portrait01-1024x1024.jpg 1024w, http:\/\/www.eveilceramique.fr\/wp-content\/uploads\/2024\/03\/Zurcher-portrait01-300x300.jpg 300w, http:\/\/www.eveilceramique.fr\/wp-content\/uploads\/2024\/03\/Zurcher-portrait01-150x150.jpg 150w, http:\/\/www.eveilceramique.fr\/wp-content\/uploads\/2024\/03\/Zurcher-portrait01-768x768.jpg 768w, http:\/\/www.eveilceramique.fr\/wp-content\/uploads\/2024\/03\/Zurcher-portrait01.jpg 1116w\" sizes=\"auto, (max-width: 1024px) 100vw, 1024px\" \/><\/figure>\n\n\n\n<figure class=\"wp-block-image size-large\"><img loading=\"lazy\" decoding=\"async\" width=\"900\" height=\"900\" data-id=\"73\" src=\"http:\/\/www.eveilceramique.fr\/wp-content\/uploads\/2024\/03\/BATTY-portrait02-web.jpg\" alt=\"\" class=\"wp-image-73\" srcset=\"http:\/\/www.eveilceramique.fr\/wp-content\/uploads\/2024\/03\/BATTY-portrait02-web.jpg 900w, http:\/\/www.eveilceramique.fr\/wp-content\/uploads\/2024\/03\/BATTY-portrait02-web-300x300.jpg 300w, http:\/\/www.eveilceramique.fr\/wp-content\/uploads\/2024\/03\/BATTY-portrait02-web-150x150.jpg 150w, http:\/\/www.eveilceramique.fr\/wp-content\/uploads\/2024\/03\/BATTY-portrait02-web-768x768.jpg 768w\" sizes=\"auto, (max-width: 900px) 100vw, 900px\" \/><\/figure>\n\n\n\n<figure class=\"wp-block-image size-large\"><img loading=\"lazy\" decoding=\"async\" width=\"900\" height=\"900\" data-id=\"74\" src=\"http:\/\/www.eveilceramique.fr\/wp-content\/uploads\/2024\/03\/Conand-portrait02-web.jpg\" alt=\"\" class=\"wp-image-74\" srcset=\"http:\/\/www.eveilceramique.fr\/wp-content\/uploads\/2024\/03\/Conand-portrait02-web.jpg 900w, http:\/\/www.eveilceramique.fr\/wp-content\/uploads\/2024\/03\/Conand-portrait02-web-300x300.jpg 300w, http:\/\/www.eveilceramique.fr\/wp-content\/uploads\/2024\/03\/Conand-portrait02-web-150x150.jpg 150w, http:\/\/www.eveilceramique.fr\/wp-content\/uploads\/2024\/03\/Conand-portrait02-web-768x768.jpg 768w\" sizes=\"auto, (max-width: 900px) 100vw, 900px\" \/><\/figure>\n\n\n\n<figure class=\"wp-block-image size-large\"><img loading=\"lazy\" decoding=\"async\" width=\"1024\" height=\"1024\" data-id=\"79\" src=\"http:\/\/www.eveilceramique.fr\/wp-content\/uploads\/2024\/04\/RENAUD-portrait01-1024x1024.jpg\" alt=\"\" class=\"wp-image-79\" srcset=\"http:\/\/www.eveilceramique.fr\/wp-content\/uploads\/2024\/04\/RENAUD-portrait01-1024x1024.jpg 1024w, http:\/\/www.eveilceramique.fr\/wp-content\/uploads\/2024\/04\/RENAUD-portrait01-300x300.jpg 300w, http:\/\/www.eveilceramique.fr\/wp-content\/uploads\/2024\/04\/RENAUD-portrait01-150x150.jpg 150w, http:\/\/www.eveilceramique.fr\/wp-content\/uploads\/2024\/04\/RENAUD-portrait01-768x768.jpg 768w, http:\/\/www.eveilceramique.fr\/wp-content\/uploads\/2024\/04\/RENAUD-portrait01.jpg 1116w\" sizes=\"auto, (max-width: 1024px) 100vw, 1024px\" \/><\/figure>\n\n\n\n<figure class=\"wp-block-image size-large\"><img loading=\"lazy\" decoding=\"async\" width=\"1024\" height=\"1024\" data-id=\"35\" src=\"http:\/\/www.eveilceramique.fr\/wp-content\/uploads\/2024\/03\/Cheval-portrait01-1024x1024.jpg\" alt=\"\" class=\"wp-image-35\" srcset=\"http:\/\/www.eveilceramique.fr\/wp-content\/uploads\/2024\/03\/Cheval-portrait01-1024x1024.jpg 1024w, http:\/\/www.eveilceramique.fr\/wp-content\/uploads\/2024\/03\/Cheval-portrait01-300x300.jpg 300w, http:\/\/www.eveilceramique.fr\/wp-content\/uploads\/2024\/03\/Cheval-portrait01-150x150.jpg 150w, http:\/\/www.eveilceramique.fr\/wp-content\/uploads\/2024\/03\/Cheval-portrait01-768x768.jpg 768w, http:\/\/www.eveilceramique.fr\/wp-content\/uploads\/2024\/03\/Cheval-portrait01.jpg 1116w\" sizes=\"auto, (max-width: 1024px) 100vw, 1024px\" \/><\/figure>\n\n\n\n<figure class=\"wp-block-image size-large\"><img loading=\"lazy\" decoding=\"async\" width=\"1024\" height=\"1024\" data-id=\"68\" src=\"http:\/\/www.eveilceramique.fr\/wp-content\/uploads\/2024\/03\/Sabine-Muller-portrait01-1024x1024.jpg\" alt=\"\" class=\"wp-image-68\" srcset=\"http:\/\/www.eveilceramique.fr\/wp-content\/uploads\/2024\/03\/Sabine-Muller-portrait01-1024x1024.jpg 1024w, http:\/\/www.eveilceramique.fr\/wp-content\/uploads\/2024\/03\/Sabine-Muller-portrait01-300x300.jpg 300w, http:\/\/www.eveilceramique.fr\/wp-content\/uploads\/2024\/03\/Sabine-Muller-portrait01-150x150.jpg 150w, http:\/\/www.eveilceramique.fr\/wp-content\/uploads\/2024\/03\/Sabine-Muller-portrait01-768x768.jpg 768w, http:\/\/www.eveilceramique.fr\/wp-content\/uploads\/2024\/03\/Sabine-Muller-portrait01.jpg 1116w\" sizes=\"auto, (max-width: 1024px) 100vw, 1024px\" \/><\/figure>\n\n\n\n<figure class=\"wp-block-image size-large\"><img loading=\"lazy\" decoding=\"async\" width=\"1024\" height=\"1024\" data-id=\"67\" src=\"http:\/\/www.eveilceramique.fr\/wp-content\/uploads\/2024\/03\/fiche-exposant-organisatrice-sandra-vincent-1024x1024.jpg\" alt=\"\" class=\"wp-image-67\" srcset=\"http:\/\/www.eveilceramique.fr\/wp-content\/uploads\/2024\/03\/fiche-exposant-organisatrice-sandra-vincent-1024x1024.jpg 1024w, http:\/\/www.eveilceramique.fr\/wp-content\/uploads\/2024\/03\/fiche-exposant-organisatrice-sandra-vincent-300x300.jpg 300w, http:\/\/www.eveilceramique.fr\/wp-content\/uploads\/2024\/03\/fiche-exposant-organisatrice-sandra-vincent-150x150.jpg 150w, http:\/\/www.eveilceramique.fr\/wp-content\/uploads\/2024\/03\/fiche-exposant-organisatrice-sandra-vincent-768x768.jpg 768w, http:\/\/www.eveilceramique.fr\/wp-content\/uploads\/2024\/03\/fiche-exposant-organisatrice-sandra-vincent.jpg 1116w\" sizes=\"auto, (max-width: 1024px) 100vw, 1024px\" \/><\/figure>\n<\/figure>\n\n\n\n<p><\/p>\n","protected":false},"excerpt":{"rendered":"<p>Historique &#8211; 2024 \/\/ \u2028 \u00c9veil C\u00e9ramique &#8211; 2\u00e8me \u00e9dition 15 &amp; 16 Juin 2024 Parmi de nombreuses candidatures, choisir les c\u00e9ramistes du march\u00e9 n\u2019a pas \u00e9t\u00e9 simple ! Nous avons opt\u00e9 pour une s\u00e9lection vari\u00e9e afin de proposer au public un bel \u00e9ventail de styles et de talents.Nous sommes ravis d\u2019avoir accueilli ces artistes venus de Bretagne et du Grand Ouest pour partager leur passion \u00e0 Corseul ! Par ordre alphab\u00e9tique : Romina AbarcaInstagram : https:\/\/www.instagram.com\/ceramica.orfilia\/Site : https:\/\/orfilia.fr\/ Ga\u00eblle Allibert Elo\u00efse BattyInstagram :\u00a0https:\/\/www.instagram.com\/eloisebatty\/ Tanawel Bricheteau (Dinan &#8211; 22)Instagram : https:\/\/www.instagram.com\/tanawel_porcelaine\/Site : https:\/\/tanawel.com Sylvie Cheval (Cahagnes &#8211; 14)Instagram : https:\/\/www.instagram.com\/sylvie.cvl\/ Marion Conand (Pont-Scorff &#8211; 56)Instagram :\u00a0https:\/\/www.instagram.com\/marion_conand_ceramique\/ Salom\u00e9 Dubart &#8211; Studio An\u00e9mone (Vannes &#8211; 56)Instagram : https:\/\/www.instagram.com\/studio.anemone\/ Catherine Eyraud Delisle (Pont-Scorff &#8211; 56)Instagram :\u00a0https:\/\/www.instagram.com\/idceram\/Site : https:\/\/idceram.com\/ Simon F\u00e9dou &#8211; Les Poteries de Simon (Nantes)Instagram :\u00a0https:\/\/www.instagram.com\/les.poteries.de.simon\/ Guillaume Gar\u00e8s (Lannion &#8211; 22)Instagram :\u00a0https:\/\/www.instagram.com\/ggpotier\/ Michelle Gr\u00e9gy (Pl\u00e9ch\u00e2tel &#8211; 35)Instagram :\u00a0https:\/\/www.instagram.com\/atelier_ceramique_ardouais\/Site : https:\/\/www.michellegregy.com\/ Fabienne Jacob &#8211; La Magie des \u00c9mauxSite : https:\/\/lamagiedesemaux.book.fr Delphine L\u00e9crivain (Foug\u00e8res &#8211; 35)Instagram :\u00a0https:\/\/www.instagram.com\/delphine_lecrivain_ceramique\/Site : https:\/\/www.delphinelecrivain.com\/ Anne L\u00e9cuyer (Ch\u00e2t\u00e9laudren &#8211; 22)Instagram :\u00a0https:\/\/www.instagram.com\/annelecuyer.poterie\/Site : https:\/\/www.annelecuyer.fr\/ Simon Le PennecInstagram :\u00a0https:\/\/www.instagram.com\/simonlepennec\/Site : http:\/\/simonlepennec.fr Sabine Muller \u2013 Sab Muller Ceramics (Boistrudan \u2013 35)Instagram :\u00a0https:\/\/www.instagram.com\/sabmullerceramics\/Site : http:\/\/sabmuller.com Guyl\u00e8ne RenaudInstagram :\u00a0https:\/\/www.instagram.com\/ceramique.guylene.renaud\/Site : https:\/\/guylene-renaud.leventaire.org Sarah Savatier &#8211; Si la pluie&#8230; (Saint Fulgent &#8211; 85)Instagram :\u00a0https:\/\/www.instagram.com\/silapluie.ceramique\/Site : https:\/\/silapluie.com Maud Spisser &#8211; M\u00f6 C\u00e9ramique (Tr\u00e9m\u00e9reuc &#8211; 22)Instagram :\u00a0https:\/\/www.instagram.com\/mo_ceramique\/Site : https:\/\/www.mo-ceramique.com Catherine Trochu (Rennes &#8211; 35)Instagram : https:\/\/www.instagram.com\/cat.trochuceramic\/Site : https:\/\/www.cat-trochu-ceramic.com Sandra et Corentin Vincent \u2013 La Poterie de Sandra &amp; Co (Corseul \u2013 22)Instagram :\u00a0https:\/\/www.instagram.com\/lapoteriedesandraandco\/Site : https:\/\/lapoteriedesandra.fr Julie Viudes &#8211; La poti\u00e8re et son chien (Vannes &#8211; 56)Instagram : https:\/\/www.instagram.com\/julieviudes.ceramiste\/ Laure Zurcher (Saint-Malo &#8211; 35)Instagram :\u00a0https:\/\/www.instagram.com\/laurezurcherceramique\/Site : https:\/\/laurez29.wixsite.com\/<\/p>\n","protected":false},"author":1,"featured_media":0,"parent":23,"menu_order":1,"comment_status":"closed","ping_status":"closed","template":"","meta":{"footnotes":""},"class_list":["post-15","page","type-page","status-publish","hentry"],"_links":{"self":[{"href":"http:\/\/www.eveilceramique.fr\/index.php\/wp-json\/wp\/v2\/pages\/15","targetHints":{"allow":["GET"]}}],"collection":[{"href":"http:\/\/www.eveilceramique.fr\/index.php\/wp-json\/wp\/v2\/pages"}],"about":[{"href":"http:\/\/www.eveilceramique.fr\/index.php\/wp-json\/wp\/v2\/types\/page"}],"author":[{"embeddable":true,"href":"http:\/\/www.eveilceramique.fr\/index.php\/wp-json\/wp\/v2\/users\/1"}],"replies":[{"embeddable":true,"href":"http:\/\/www.eveilceramique.fr\/index.php\/wp-json\/wp\/v2\/comments?post=15"}],"version-history":[{"count":42,"href":"http:\/\/www.eveilceramique.fr\/index.php\/wp-json\/wp\/v2\/pages\/15\/revisions"}],"predecessor-version":[{"id":522,"href":"http:\/\/www.eveilceramique.fr\/index.php\/wp-json\/wp\/v2\/pages\/15\/revisions\/522"}],"up":[{"embeddable":true,"href":"http:\/\/www.eveilceramique.fr\/index.php\/wp-json\/wp\/v2\/pages\/23"}],"wp:attachment":[{"href":"http:\/\/www.eveilceramique.fr\/index.php\/wp-json\/wp\/v2\/media?parent=15"}],"curies":[{"name":"wp","href":"https:\/\/api.w.org\/{rel}","templated":true}]}}